{"id":6001,"date":"2021-06-18T15:25:16","date_gmt":"2021-06-18T13:25:16","guid":{"rendered":"https:\/\/www.oasidelgovernatore.it\/kunst\/"},"modified":"2022-01-27T09:01:25","modified_gmt":"2022-01-27T08:01:25","slug":"kunst","status":"publish","type":"page","link":"https:\/\/www.oasidelgovernatore.it\/de\/kunst\/","title":{"rendered":"KUNST"},"content":{"rendered":"\t\t<div data-elementor-type=\"wp-page\" data-elementor-id=\"6001\" class=\"elementor elementor-6001 elementor-3617\" data-elementor-post-type=\"page\">\n\t\t\t\t\t\t<section class=\"elementor-section elementor-top-section elementor-element elementor-element-f65c29f elementor-section-full_width elementor-section-height-default elementor-section-height-default\" data-id=\"f65c29f\" data-element_type=\"section\" data-e-type=\"section\">\n\t\t\t\t\t\t<div class=\"elementor-container elementor-column-gap-default\">\n\t\t\t\t\t<div class=\"elementor-column elementor-col-100 elementor-top-column elementor-element elementor-element-1f6238b\" data-id=\"1f6238b\" data-element_type=\"column\" data-e-type=\"column\">\n\t\t\t<div class=\"elementor-widget-wrap elementor-element-populated\">\n\t\t\t\t\t\t<div class=\"elementor-element elementor-element-fbf2082 elementor--v-position-bottom elementor--h-position-center elementor-widget elementor-widget-slides\" data-id=\"fbf2082\" data-element_type=\"widget\" data-e-type=\"widget\" data-settings=\"{&quot;navigation&quot;:&quot;none&quot;,&quot;autoplay&quot;:&quot;yes&quot;,&quot;pause_on_hover&quot;:&quot;yes&quot;,&quot;pause_on_interaction&quot;:&quot;yes&quot;,&quot;autoplay_speed&quot;:5000,&quot;infinite&quot;:&quot;yes&quot;,&quot;transition&quot;:&quot;slide&quot;,&quot;transition_speed&quot;:500}\" data-widget_type=\"slides.default\">\n\t\t\t\t<div class=\"elementor-widget-container\">\n\t\t\t\t\t\t\t\t\t<div class=\"elementor-swiper\">\n\t\t\t\t\t<div class=\"elementor-slides-wrapper elementor-main-swiper swiper\" role=\"region\" aria-roledescription=\"carousel\" aria-label=\"Slider\" dir=\"ltr\" data-animation=\"fadeInUp\">\n\t\t\t\t<div class=\"swiper-wrapper elementor-slides\">\n\t\t\t\t\t\t\t\t\t\t<div class=\"elementor-repeater-item-66d5f90 swiper-slide\" role=\"group\" aria-roledescription=\"slide\"><div class=\"swiper-slide-bg\" role=\"img\" aria-label=\"Oasi del Governatore - arte\"><\/div><div class=\"swiper-slide-inner\" ><div class=\"swiper-slide-contents\"><div class=\"elementor-slide-heading\">KULTUR<\/div><\/div><\/div><\/div><div class=\"elementor-repeater-item-bc92bc4 swiper-slide\" role=\"group\" aria-roledescription=\"slide\"><div class=\"swiper-slide-bg\" role=\"img\" aria-label=\"Oasi del Governatore - arte\"><\/div><div class=\"swiper-slide-inner\" ><div class=\"swiper-slide-contents\"><div class=\"elementor-slide-heading\">GESCHICHTE<\/div><\/div><\/div><\/div><div class=\"elementor-repeater-item-5507551 swiper-slide\" role=\"group\" aria-roledescription=\"slide\"><div class=\"swiper-slide-bg\" role=\"img\" aria-label=\"Oasi del Governatore - arte\"><\/div><div class=\"swiper-slide-inner\" ><div class=\"swiper-slide-contents\"><div class=\"elementor-slide-heading\">TRADITION<\/div><\/div><\/div><\/div>\t\t\t\t<\/div>\n\t\t\t\t\t\t\t\t\t\t\t\t\t\t\t\t\t\t\t\t\t<\/div>\n\t\t\t\t<\/div>\n\t\t\t\t\t\t\t\t<\/div>\n\t\t\t\t<\/div>\n\t\t\t\t\t<\/div>\n\t\t<\/div>\n\t\t\t\t\t<\/div>\n\t\t<\/section>\n\t\t\t\t<section class=\"elementor-section elementor-top-section elementor-element elementor-element-3599a4a0 elementor-section-boxed elementor-section-height-default elementor-section-height-default\" data-id=\"3599a4a0\" data-element_type=\"section\" data-e-type=\"section\">\n\t\t\t\t\t\t<div class=\"elementor-container elementor-column-gap-default\">\n\t\t\t\t\t<div class=\"elementor-column elementor-col-100 elementor-top-column elementor-element elementor-element-31a793f\" data-id=\"31a793f\" data-element_type=\"column\" data-e-type=\"column\">\n\t\t\t<div class=\"elementor-widget-wrap elementor-element-populated\">\n\t\t\t\t\t\t<div class=\"elementor-element elementor-element-60b18771 elementor-widget elementor-widget-spacer\" data-id=\"60b18771\" data-element_type=\"widget\" data-e-type=\"widget\" data-widget_type=\"spacer.default\">\n\t\t\t\t<div class=\"elementor-widget-container\">\n\t\t\t\t\t\t\t<div class=\"elementor-spacer\">\n\t\t\t<div class=\"elementor-spacer-inner\"><\/div>\n\t\t<\/div>\n\t\t\t\t\t\t<\/div>\n\t\t\t\t<\/div>\n\t\t\t\t<div class=\"elementor-element elementor-element-76dea351 elementor-widget elementor-widget-text-editor\" data-id=\"76dea351\" data-element_type=\"widget\" data-e-type=\"widget\" data-widget_type=\"text-editor.default\">\n\t\t\t\t<div class=\"elementor-widget-container\">\n\t\t\t\t\t\t\t\t\t<p style=\"text-align: center;\">GESCHICHTE UND KUNST IN KALABRIEN<\/p>\n\t\t\t\t\t\t\t\t<\/div>\n\t\t\t\t<\/div>\n\t\t\t\t<div class=\"elementor-element elementor-element-7f97fdb elementor-widget elementor-widget-text-editor\" data-id=\"7f97fdb\" data-element_type=\"widget\" data-e-type=\"widget\" data-widget_type=\"text-editor.default\">\n\t\t\t\t<div class=\"elementor-widget-container\">\n\t\t\t\t\t\t\t\t\t<p style=\"text-align: center;\">Die Spuren der historischen und kulturellen Schichtungen dieses Landes, das seit der Jungsteinzeit bewohnt ist, tauchen in verschiedenen Formen und Weisen und an verschiedenen Orten auf, um zu bezeugen, wie gro\u00dfz\u00fcgig es gewesen ist; Wiege von Ideen und Wissen, die alle Bereiche des Geistes und der menschlichen Aktivit\u00e4ten umfassen.<\/p>\n\t\t\t\t\t\t\t\t<\/div>\n\t\t\t\t<\/div>\n\t\t\t\t\t<\/div>\n\t\t<\/div>\n\t\t\t\t\t<\/div>\n\t\t<\/section>\n\t\t\t\t<section class=\"elementor-section elementor-top-section elementor-element elementor-element-cc3cbfc elementor-section-boxed elementor-section-height-default elementor-section-height-default\" data-id=\"cc3cbfc\" data-element_type=\"section\" data-e-type=\"section\">\n\t\t\t\t\t\t<div class=\"elementor-container elementor-column-gap-default\">\n\t\t\t\t\t<div class=\"elementor-column elementor-col-100 elementor-top-column elementor-element elementor-element-cac7b0f\" data-id=\"cac7b0f\" data-element_type=\"column\" data-e-type=\"column\">\n\t\t\t<div class=\"elementor-widget-wrap elementor-element-populated\">\n\t\t\t\t\t\t<div class=\"elementor-element elementor-element-ad068a5 elementor-widget elementor-widget-spacer\" data-id=\"ad068a5\" data-element_type=\"widget\" data-e-type=\"widget\" data-widget_type=\"spacer.default\">\n\t\t\t\t<div class=\"elementor-widget-container\">\n\t\t\t\t\t\t\t<div class=\"elementor-spacer\">\n\t\t\t<div class=\"elementor-spacer-inner\"><\/div>\n\t\t<\/div>\n\t\t\t\t\t\t<\/div>\n\t\t\t\t<\/div>\n\t\t\t\t\t<\/div>\n\t\t<\/div>\n\t\t\t\t\t<\/div>\n\t\t<\/section>\n\t\t\t\t<section class=\"elementor-section elementor-top-section elementor-element elementor-element-736bd6e elementor-section-boxed elementor-section-height-default elementor-section-height-default\" data-id=\"736bd6e\" data-element_type=\"section\" data-e-type=\"section\">\n\t\t\t\t\t\t<div class=\"elementor-container elementor-column-gap-default\">\n\t\t\t\t\t<div class=\"elementor-column elementor-col-33 elementor-top-column elementor-element elementor-element-a12476b\" data-id=\"a12476b\" data-element_type=\"column\" data-e-type=\"column\" data-settings=\"{&quot;background_background&quot;:&quot;classic&quot;}\">\n\t\t\t<div class=\"elementor-widget-wrap elementor-element-populated\">\n\t\t\t\t\t\t<div class=\"elementor-element elementor-element-a7c7868 elementor-widget elementor-widget-image\" data-id=\"a7c7868\" data-element_type=\"widget\" data-e-type=\"widget\" data-widget_type=\"image.default\">\n\t\t\t\t<div class=\"elementor-widget-container\">\n\t\t\t\t\t\t\t\t\t\t\t\t\t\t\t<img fetchpriority=\"high\" decoding=\"async\" width=\"900\" height=\"900\" src=\"https:\/\/www.oasidelgovernatore.it\/wp-content\/uploads\/2020\/05\/Arte-Oasi-Boxlocation-900x900-1.jpg\" class=\"attachment-large size-large wp-image-5155\" alt=\"Oasi del Governatore - Arte Scolacium\" srcset=\"https:\/\/www.oasidelgovernatore.it\/wp-content\/uploads\/2020\/05\/Arte-Oasi-Boxlocation-900x900-1.jpg 900w, https:\/\/www.oasidelgovernatore.it\/wp-content\/uploads\/2020\/05\/Arte-Oasi-Boxlocation-900x900-1-300x300.jpg 300w, https:\/\/www.oasidelgovernatore.it\/wp-content\/uploads\/2020\/05\/Arte-Oasi-Boxlocation-900x900-1-150x150.jpg 150w, https:\/\/www.oasidelgovernatore.it\/wp-content\/uploads\/2020\/05\/Arte-Oasi-Boxlocation-900x900-1-768x768.jpg 768w, https:\/\/www.oasidelgovernatore.it\/wp-content\/uploads\/2020\/05\/Arte-Oasi-Boxlocation-900x900-1-100x100.jpg 100w, https:\/\/www.oasidelgovernatore.it\/wp-content\/uploads\/2020\/05\/Arte-Oasi-Boxlocation-900x900-1-80x80.jpg 80w, https:\/\/www.oasidelgovernatore.it\/wp-content\/uploads\/2020\/05\/Arte-Oasi-Boxlocation-900x900-1-394x394.jpg 394w, https:\/\/www.oasidelgovernatore.it\/wp-content\/uploads\/2020\/05\/Arte-Oasi-Boxlocation-900x900-1-303x303.jpg 303w, https:\/\/www.oasidelgovernatore.it\/wp-content\/uploads\/2020\/05\/Arte-Oasi-Boxlocation-900x900-1-605x605.jpg 605w, https:\/\/www.oasidelgovernatore.it\/wp-content\/uploads\/2020\/05\/Arte-Oasi-Boxlocation-900x900-1-700x700.jpg 700w, https:\/\/www.oasidelgovernatore.it\/wp-content\/uploads\/2020\/05\/Arte-Oasi-Boxlocation-900x900-1-600x600.jpg 600w\" sizes=\"(max-width: 900px) 100vw, 900px\" \/>\t\t\t\t\t\t\t\t\t\t\t\t\t\t\t<\/div>\n\t\t\t\t<\/div>\n\t\t\t\t\t<\/div>\n\t\t<\/div>\n\t\t\t\t<div class=\"elementor-column elementor-col-66 elementor-top-column elementor-element elementor-element-a81f04f\" data-id=\"a81f04f\" data-element_type=\"column\" data-e-type=\"column\" data-settings=\"{&quot;background_background&quot;:&quot;classic&quot;}\">\n\t\t\t<div class=\"elementor-widget-wrap elementor-element-populated\">\n\t\t\t\t\t\t<div class=\"elementor-element elementor-element-93f7f8c elementor-widget elementor-widget-heading\" data-id=\"93f7f8c\" data-element_type=\"widget\" data-e-type=\"widget\" data-widget_type=\"heading.default\">\n\t\t\t\t<div class=\"elementor-widget-container\">\n\t\t\t\t\t<h4 class=\"elementor-heading-title elementor-size-default\">SCOLACIUM Arch\u00e4ologischer Park und Museum<\/h4>\t\t\t\t<\/div>\n\t\t\t\t<\/div>\n\t\t\t\t<div class=\"elementor-element elementor-element-46205cf elementor-widget elementor-widget-text-editor\" data-id=\"46205cf\" data-element_type=\"widget\" data-e-type=\"widget\" data-widget_type=\"text-editor.default\">\n\t\t\t\t<div class=\"elementor-widget-container\">\n\t\t\t\t\t\t\t\t\t<p><span style=\"font-size: 14pt;\">Von Magna Grecia bis zu den Normannen \u2013 4 km von der Oase<\/span><\/p>\n\t\t\t\t\t\t\t\t<\/div>\n\t\t\t\t<\/div>\n\t\t\t\t<div class=\"elementor-element elementor-element-f373038 elementor-widget elementor-widget-text-editor\" data-id=\"f373038\" data-element_type=\"widget\" data-e-type=\"widget\" data-widget_type=\"text-editor.default\">\n\t\t\t\t<div class=\"elementor-widget-container\">\n\t\t\t\t\t\t\t\t\t<p><span style=\"color: #000000;\">Ein spektakul\u00e4rer Platz zwischen Olivenb\u00e4umen mit einem Erfrischungspunkt in Roccelletta di Borgia.<\/span><\/p>\n<p>Skylletion, der \u00dcberlieferung nach von Odysseus gegr\u00fcndet, war eine sehr wichtige Stadt der Magna Graecia, wurde dann eine r\u00f6mische Stadt mit dem Namen Minervia Augusta Scolacium. Der antike Stadtkern befindet sich im Bereich am n\u00e4chsten zum Meer, und ist in der Bedeutung zu St\u00e4tten wie Herculaneum oder Paestum verglichen; die Ausgrabungen innerhalb des arch\u00e4ologischen Parks haben die \u00dcberreste der r\u00f6mischen Geb\u00e4ude wie das Theater, Amphitheater, B\u00e4der, gepflasterte Stra\u00dfen, Aqu\u00e4dukt ausgegraben, w\u00e4hrend die alten griechischen Skylletion, haben noch nicht aufgetaucht Wandstrukturen, aufgrund der \u00dcberlappung der r\u00f6mischen Stadt, gibt es jedoch viele keramische Funde des vierten, f\u00fcnften und sechsten Jahrhundert vor Christus. C. die heute im Museum des arch\u00e4ologischen Parks besichtigt werden k\u00f6nnen, das in dem ehemaligen Wohnhaus der Barone Mazza untergebracht ist. Im Inneren des Parks k\u00f6nnen Sie die Ruinen der Kirche S. Maria di Roccella bewundern, die von den Normannen zwischen dem Ende des 11. und der ersten H\u00e4lfte des 12. Jahrhunderts erbaut wurde. Eine Analyse der \u00dcberreste des Geb\u00e4udes zeigt eine Mischung aus westromanischen Formen und byzantinischer Kultur. Es war die Heimat von Aurelio Cassiodoro.<\/p>\n\t\t\t\t\t\t\t\t<\/div>\n\t\t\t\t<\/div>\n\t\t\t\t\t<\/div>\n\t\t<\/div>\n\t\t\t\t\t<\/div>\n\t\t<\/section>\n\t\t\t\t<section class=\"elementor-section elementor-top-section elementor-element elementor-element-6e74f56 elementor-section-boxed elementor-section-height-default elementor-section-height-default\" data-id=\"6e74f56\" data-element_type=\"section\" data-e-type=\"section\">\n\t\t\t\t\t\t<div class=\"elementor-container elementor-column-gap-default\">\n\t\t\t\t\t<div class=\"elementor-column elementor-col-100 elementor-top-column elementor-element elementor-element-ef04385\" data-id=\"ef04385\" data-element_type=\"column\" data-e-type=\"column\">\n\t\t\t<div class=\"elementor-widget-wrap elementor-element-populated\">\n\t\t\t\t\t\t<div class=\"elementor-element elementor-element-ac0bef7 elementor-widget elementor-widget-spacer\" data-id=\"ac0bef7\" data-element_type=\"widget\" data-e-type=\"widget\" data-widget_type=\"spacer.default\">\n\t\t\t\t<div class=\"elementor-widget-container\">\n\t\t\t\t\t\t\t<div class=\"elementor-spacer\">\n\t\t\t<div class=\"elementor-spacer-inner\"><\/div>\n\t\t<\/div>\n\t\t\t\t\t\t<\/div>\n\t\t\t\t<\/div>\n\t\t\t\t\t<\/div>\n\t\t<\/div>\n\t\t\t\t\t<\/div>\n\t\t<\/section>\n\t\t\t\t<section class=\"elementor-section elementor-top-section elementor-element elementor-element-69cf69f elementor-section-boxed elementor-section-height-default elementor-section-height-default\" data-id=\"69cf69f\" data-element_type=\"section\" data-e-type=\"section\">\n\t\t\t\t\t\t<div class=\"elementor-container elementor-column-gap-default\">\n\t\t\t\t\t<div class=\"elementor-column elementor-col-33 elementor-top-column elementor-element elementor-element-f62b08f\" data-id=\"f62b08f\" data-element_type=\"column\" data-e-type=\"column\" data-settings=\"{&quot;background_background&quot;:&quot;classic&quot;}\">\n\t\t\t<div class=\"elementor-widget-wrap elementor-element-populated\">\n\t\t\t\t\t\t<div class=\"elementor-element elementor-element-a6dff87 elementor-widget elementor-widget-image\" data-id=\"a6dff87\" data-element_type=\"widget\" data-e-type=\"widget\" data-widget_type=\"image.default\">\n\t\t\t\t<div class=\"elementor-widget-container\">\n\t\t\t\t\t\t\t\t\t\t\t\t\t\t\t<img decoding=\"async\" width=\"900\" height=\"900\" src=\"https:\/\/www.oasidelgovernatore.it\/wp-content\/uploads\/2020\/05\/Arte-Oasi-Boxlocation-900x900-1-1.jpg\" class=\"attachment-large size-large wp-image-5157\" alt=\"Oasi del Governatore - Arte\" srcset=\"https:\/\/www.oasidelgovernatore.it\/wp-content\/uploads\/2020\/05\/Arte-Oasi-Boxlocation-900x900-1-1.jpg 900w, https:\/\/www.oasidelgovernatore.it\/wp-content\/uploads\/2020\/05\/Arte-Oasi-Boxlocation-900x900-1-1-300x300.jpg 300w, https:\/\/www.oasidelgovernatore.it\/wp-content\/uploads\/2020\/05\/Arte-Oasi-Boxlocation-900x900-1-1-150x150.jpg 150w, https:\/\/www.oasidelgovernatore.it\/wp-content\/uploads\/2020\/05\/Arte-Oasi-Boxlocation-900x900-1-1-768x768.jpg 768w, https:\/\/www.oasidelgovernatore.it\/wp-content\/uploads\/2020\/05\/Arte-Oasi-Boxlocation-900x900-1-1-100x100.jpg 100w, https:\/\/www.oasidelgovernatore.it\/wp-content\/uploads\/2020\/05\/Arte-Oasi-Boxlocation-900x900-1-1-80x80.jpg 80w, https:\/\/www.oasidelgovernatore.it\/wp-content\/uploads\/2020\/05\/Arte-Oasi-Boxlocation-900x900-1-1-394x394.jpg 394w, https:\/\/www.oasidelgovernatore.it\/wp-content\/uploads\/2020\/05\/Arte-Oasi-Boxlocation-900x900-1-1-303x303.jpg 303w, https:\/\/www.oasidelgovernatore.it\/wp-content\/uploads\/2020\/05\/Arte-Oasi-Boxlocation-900x900-1-1-605x605.jpg 605w, https:\/\/www.oasidelgovernatore.it\/wp-content\/uploads\/2020\/05\/Arte-Oasi-Boxlocation-900x900-1-1-700x700.jpg 700w, https:\/\/www.oasidelgovernatore.it\/wp-content\/uploads\/2020\/05\/Arte-Oasi-Boxlocation-900x900-1-1-600x600.jpg 600w\" sizes=\"(max-width: 900px) 100vw, 900px\" \/>\t\t\t\t\t\t\t\t\t\t\t\t\t\t\t<\/div>\n\t\t\t\t<\/div>\n\t\t\t\t\t<\/div>\n\t\t<\/div>\n\t\t\t\t<div class=\"elementor-column elementor-col-66 elementor-top-column elementor-element elementor-element-68bc767\" data-id=\"68bc767\" data-element_type=\"column\" data-e-type=\"column\" data-settings=\"{&quot;background_background&quot;:&quot;classic&quot;}\">\n\t\t\t<div class=\"elementor-widget-wrap elementor-element-populated\">\n\t\t\t\t\t\t<div class=\"elementor-element elementor-element-167dd5b elementor-widget elementor-widget-heading\" data-id=\"167dd5b\" data-element_type=\"widget\" data-e-type=\"widget\" data-widget_type=\"heading.default\">\n\t\t\t\t<div class=\"elementor-widget-container\">\n\t\t\t\t\t<h4 class=\"elementor-heading-title elementor-size-default\">HOHE SQUILLACE<\/h4>\t\t\t\t<\/div>\n\t\t\t\t<\/div>\n\t\t\t\t<div class=\"elementor-element elementor-element-d6819d5 elementor-widget elementor-widget-text-editor\" data-id=\"d6819d5\" data-element_type=\"widget\" data-e-type=\"widget\" data-widget_type=\"text-editor.default\">\n\t\t\t\t<div class=\"elementor-widget-container\">\n\t\t\t\t\t\t\t\t\t<p><span style=\"font-size: 14pt;\">Das Dorf und das Schloss 7 km von der Oase entfernt<\/span><\/p>\n\t\t\t\t\t\t\t\t<\/div>\n\t\t\t\t<\/div>\n\t\t\t\t<div class=\"elementor-element elementor-element-97478ca elementor-widget elementor-widget-text-editor\" data-id=\"97478ca\" data-element_type=\"widget\" data-e-type=\"widget\" data-widget_type=\"text-editor.default\">\n\t\t\t\t<div class=\"elementor-widget-container\">\n\t\t\t\t\t\t\t\t\t<p>Ein paar Kilometer von der K\u00fcste entfernt, auf einem H\u00fcgel \u00fcber einer Schlucht, liegt das Zentrum von Squillace. Die Stadt bewahrt noch immer ihr mittelalterliches Aussehen und die \u00dcberreste der beeindruckenden normannischen Burg. Die alte Tradition der handgefertigten Keramik ist noch lebendig und wird in den alten Werkst\u00e4tten mit den gleichen Techniken wie vor hundert Jahren bearbeitet und verziert.<\/p>\n\t\t\t\t\t\t\t\t<\/div>\n\t\t\t\t<\/div>\n\t\t\t\t<div class=\"elementor-element elementor-element-5e0183c elementor-widget elementor-widget-toggle\" data-id=\"5e0183c\" data-element_type=\"widget\" data-e-type=\"widget\" data-widget_type=\"toggle.default\">\n\t\t\t\t<div class=\"elementor-widget-container\">\n\t\t\t\t\t\t\t<div class=\"elementor-toggle\">\n\t\t\t\t\t\t\t<div class=\"elementor-toggle-item\">\n\t\t\t\t\t<div id=\"elementor-tab-title-9851\" class=\"elementor-tab-title\" data-tab=\"1\" role=\"button\" aria-controls=\"elementor-tab-content-9851\" aria-expanded=\"false\">\n\t\t\t\t\t\t\t\t\t\t\t\t<span class=\"elementor-toggle-icon elementor-toggle-icon-left\" aria-hidden=\"true\">\n\t\t\t\t\t\t\t\t\t\t\t\t\t\t\t<span class=\"elementor-toggle-icon-closed\"><svg class=\"e-font-icon-svg e-fas-caret-right\" viewBox=\"0 0 192 512\" xmlns=\"http:\/\/www.w3.org\/2000\/svg\"><path d=\"M0 384.662V127.338c0-17.818 21.543-26.741 34.142-14.142l128.662 128.662c7.81 7.81 7.81 20.474 0 28.284L34.142 398.804C21.543 411.404 0 402.48 0 384.662z\"><\/path><\/svg><\/span>\n\t\t\t\t\t\t\t\t<span class=\"elementor-toggle-icon-opened\"><svg class=\"elementor-toggle-icon-opened e-font-icon-svg e-fas-caret-up\" viewBox=\"0 0 320 512\" xmlns=\"http:\/\/www.w3.org\/2000\/svg\"><path d=\"M288.662 352H31.338c-17.818 0-26.741-21.543-14.142-34.142l128.662-128.662c7.81-7.81 20.474-7.81 28.284 0l128.662 128.662c12.6 12.599 3.676 34.142-14.142 34.142z\"><\/path><\/svg><\/span>\n\t\t\t\t\t\t\t\t\t\t\t\t\t<\/span>\n\t\t\t\t\t\t\t\t\t\t\t\t<a class=\"elementor-toggle-title\" tabindex=\"0\">NORMANNISCHE BURG VON SQUILLACE<\/a>\n\t\t\t\t\t<\/div>\n\n\t\t\t\t\t<div id=\"elementor-tab-content-9851\" class=\"elementor-tab-content elementor-clearfix\" data-tab=\"1\" role=\"region\" aria-labelledby=\"elementor-tab-title-9851\"><p>Die Burg von Squillace dominiert die Stadt vom h\u00f6chsten Punkt des H\u00fcgels aus. Sie wurde von den Normannen in der zweiten H\u00e4lfte des 11. Jahrhunderts am Ende ihres Feldzuges zur Eroberung Kalabriens gegen die Byzantiner erbaut, die die Region und allgemeiner S\u00fcditalien \u00fcber 5 Jahrhunderte lang besessen hatten. Squillace stellt in normannischer Zeit die wichtigste administrative, politische und religi\u00f6se Hochburg der ionischen K\u00fcste dar. Hier schenkt Roger von Altavilla dem Heiligen Bruno von K\u00f6ln die L\u00e4ndereien, auf denen das Kart\u00e4userkloster Serra San Bruno errichtet werden soll. Die normannische Zeit ist sicherlich die wichtigste f\u00fcr Squillace, die einen Moment gro\u00dfer politisch-administrativer, wirtschaftlicher und religi\u00f6ser Inbrunst erlebt. Das fr\u00fche dreizehnte Jahrhundert ist f\u00fcr die Geschichte von Squillace von grundlegender Bedeutung: Zu dieser Zeit wird die Siedlung zum ersten Mal unter einem Grafen und in Anwesenheit eines Castellanus belehnt.<\/p>\n<p><a href=\"https:\/\/www.tripadvisor.it\/Attraction_Review-g1096299-d12128519-Reviews-Monastero_di_Santa_Chiara-Squillace_Province_of_Catanzaro_Calabria.html\" target=\"_blank\" rel=\"noopener\">Tripadvisor<\/a><\/p>\n<\/div>\n\t\t\t\t<\/div>\n\t\t\t\t\t\t\t<div class=\"elementor-toggle-item\">\n\t\t\t\t\t<div id=\"elementor-tab-title-9852\" class=\"elementor-tab-title\" data-tab=\"2\" role=\"button\" aria-controls=\"elementor-tab-content-9852\" aria-expanded=\"false\">\n\t\t\t\t\t\t\t\t\t\t\t\t<span class=\"elementor-toggle-icon elementor-toggle-icon-left\" aria-hidden=\"true\">\n\t\t\t\t\t\t\t\t\t\t\t\t\t\t\t<span class=\"elementor-toggle-icon-closed\"><svg class=\"e-font-icon-svg e-fas-caret-right\" viewBox=\"0 0 192 512\" xmlns=\"http:\/\/www.w3.org\/2000\/svg\"><path d=\"M0 384.662V127.338c0-17.818 21.543-26.741 34.142-14.142l128.662 128.662c7.81 7.81 7.81 20.474 0 28.284L34.142 398.804C21.543 411.404 0 402.48 0 384.662z\"><\/path><\/svg><\/span>\n\t\t\t\t\t\t\t\t<span class=\"elementor-toggle-icon-opened\"><svg class=\"elementor-toggle-icon-opened e-font-icon-svg e-fas-caret-up\" viewBox=\"0 0 320 512\" xmlns=\"http:\/\/www.w3.org\/2000\/svg\"><path d=\"M288.662 352H31.338c-17.818 0-26.741-21.543-14.142-34.142l128.662-128.662c7.81-7.81 20.474-7.81 28.284 0l128.662 128.662c12.6 12.599 3.676 34.142-14.142 34.142z\"><\/path><\/svg><\/span>\n\t\t\t\t\t\t\t\t\t\t\t\t\t<\/span>\n\t\t\t\t\t\t\t\t\t\t\t\t<a class=\"elementor-toggle-title\" tabindex=\"0\">STEIN-PORTALE<\/a>\n\t\t\t\t\t<\/div>\n\n\t\t\t\t\t<div id=\"elementor-tab-content-9852\" class=\"elementor-tab-content elementor-clearfix\" data-tab=\"2\" role=\"region\" aria-labelledby=\"elementor-tab-title-9852\"><p>Bei einem Spaziergang entlang der Hauptstra\u00dfe von Squillace, die nach Guglielmo Pepe benannt wurde, kann man mehrere kunstvolle Steinportale bewundern, von denen einige auf das ber\u00fchmte Erdbeben von 1783 zur\u00fcckgehen und andere auf sp\u00e4tere Ereignisse. Man nimmt an, dass dieselben Steinmetze, die an der Fassade des Doms gearbeitet haben, lange Zeit in Squillace t\u00e4tig waren, und zwar im Auftrag der squillazischen Patrizier, die ihre Pal\u00e4ste schm\u00fccken wollten. Es handelt sich um imposante Portale, die rustikal und mit unterschiedlichen Schl\u00fcsseln versehen sind. Wenn man links hinaufgeht, sieht man auf einer Lichtung das Portal von Palazzo Baldaya, dann das von Palazzo Pepe (heute das Rathaus), dann das von Palazzo MaidaChill\u00e0 (Via S. Matteo); danach das von Casa Mungo, Casa Chill\u00e0, Casa Megna, dann das des zweiten Palazzo Pepe (mit Innenhof, Deckenfresko und Brunnen). Im Innenhof, auf der rechten Seite, kann man ein weiteres pr\u00e4chtiges Portal bewundern, das fein gearbeitet ist und das steinerne Wappen der Familie Ferrari tr\u00e4gt. Dies sind nur einige der Hunderte von Portalen, die in jeder Ecke des Dorfes verstreut sind, alle wundersch\u00f6n und trotz der Zeit fast unversehrt. Einige Portale stammen aus der Zeit vor dem Erdbeben von 1783: das in der Kirche von St. Peter, das isolierte auf der Piazza Castello und ein weiteres im Abstieg der Via dell\u2019Antico Senato.<\/p>\n<\/div>\n\t\t\t\t<\/div>\n\t\t\t\t\t\t\t<div class=\"elementor-toggle-item\">\n\t\t\t\t\t<div id=\"elementor-tab-title-9853\" class=\"elementor-tab-title\" data-tab=\"3\" role=\"button\" aria-controls=\"elementor-tab-content-9853\" aria-expanded=\"false\">\n\t\t\t\t\t\t\t\t\t\t\t\t<span class=\"elementor-toggle-icon elementor-toggle-icon-left\" aria-hidden=\"true\">\n\t\t\t\t\t\t\t\t\t\t\t\t\t\t\t<span class=\"elementor-toggle-icon-closed\"><svg class=\"e-font-icon-svg e-fas-caret-right\" viewBox=\"0 0 192 512\" xmlns=\"http:\/\/www.w3.org\/2000\/svg\"><path d=\"M0 384.662V127.338c0-17.818 21.543-26.741 34.142-14.142l128.662 128.662c7.81 7.81 7.81 20.474 0 28.284L34.142 398.804C21.543 411.404 0 402.48 0 384.662z\"><\/path><\/svg><\/span>\n\t\t\t\t\t\t\t\t<span class=\"elementor-toggle-icon-opened\"><svg class=\"elementor-toggle-icon-opened e-font-icon-svg e-fas-caret-up\" viewBox=\"0 0 320 512\" xmlns=\"http:\/\/www.w3.org\/2000\/svg\"><path d=\"M288.662 352H31.338c-17.818 0-26.741-21.543-14.142-34.142l128.662-128.662c7.81-7.81 20.474-7.81 28.284 0l128.662 128.662c12.6 12.599 3.676 34.142-14.142 34.142z\"><\/path><\/svg><\/span>\n\t\t\t\t\t\t\t\t\t\t\t\t\t<\/span>\n\t\t\t\t\t\t\t\t\t\t\t\t<a class=\"elementor-toggle-title\" tabindex=\"0\">KERAMISCHES KUNSTHANDWERK<\/a>\n\t\t\t\t\t<\/div>\n\n\t\t\t\t\t<div id=\"elementor-tab-content-9853\" class=\"elementor-tab-content elementor-clearfix\" data-tab=\"3\" role=\"region\" aria-labelledby=\"elementor-tab-title-9853\"><p>Das Keramik- und Terrakotta-Handwerk ist bl\u00fchend und von alter Tradition, so sehr, dass Squillace eine der siebenundzwanzig italienischen Gemeinden ist, die sich des DOC-Zeichens r\u00fchmen k\u00f6nnen. Es handelt sich wahrscheinlich um eine sehr alte Kunst, die bereits in der Magna-Griechenzeit entwickelt wurde. Viele Werke der Squillacesi sind in Museen auf der ganzen Welt erhalten: London, Paris, New York, Capodimonte, Palermo. Das wichtigste Produkt der lokalen Handwerker ist der Sqllci 1654, ein St\u00fcck, das im Provinzmuseum von Catanzaro aufbewahrt wird und heute verloren ist.<\/p>\n<p><a href=\"http:\/\/www.squillace.org\/la-ceramica-artistica-di-squillace\/\">http:\/\/www.squillace.org\/la-ceramica-artistica-di-squillace\/<\/a><\/p>\n<p><strong>Dec\u00f2 Art<br \/><\/strong>Unter den vielen Kunsthandwerksl\u00e4den befindet sich dieser in einem sehr charmanten Geb\u00e4ude. Sch\u00f6ne St\u00fccke und H\u00f6flichkeit. Zu sehen. <br \/>Corso Guglielmo Pepe 50, 88069 Squillace, +39 0961 91202 \u2013 mehr erfahren auf <a href=\"https:\/\/www.tripadvisor.it\/Attraction_Review-g1096299-d8055482-Reviews-Deco_Art-Squillace_Province_of_Catanzaro_Calabria.html\" target=\"_blank\" rel=\"noopener\">TripAdvisor<\/a><\/p>\n<p><strong>Bottega D\u2019Arte Ceramiche<\/strong> <strong>Il Tornio<br \/><\/strong>Viale Fuori Le Porte 46\/48, 88069 Squillace, +39 0961 91244 \u2013 erfahren Sie mehr \u00fcber <a href=\"https:\/\/www.tripadvisor.it\/Attraction_Review-g1096299-d12885932-Reviews-Bottega_D_Arte_Ceramiche_Il_Tornio-Squillace_Province_of_Catanzaro_Calabria.html\" target=\"_blank\" rel=\"noopener\">TripAdvisor<\/a><\/p>\n<\/div>\n\t\t\t\t<\/div>\n\t\t\t\t\t\t\t\t<\/div>\n\t\t\t\t\t\t<\/div>\n\t\t\t\t<\/div>\n\t\t\t\t<div class=\"elementor-element elementor-element-1726bd3 elementor-widget elementor-widget-text-editor\" data-id=\"1726bd3\" data-element_type=\"widget\" data-e-type=\"widget\" data-widget_type=\"text-editor.default\">\n\t\t\t\t<div class=\"elementor-widget-container\">\n\t\t\t\t\t\t\t\t\t<p>RELIGI\u00d6SE ST\u00c4TTEN UND HEILIGE ORTE<\/p>\n\t\t\t\t\t\t\t\t<\/div>\n\t\t\t\t<\/div>\n\t\t\t\t<div class=\"elementor-element elementor-element-749a525 elementor-widget elementor-widget-toggle\" data-id=\"749a525\" data-element_type=\"widget\" data-e-type=\"widget\" data-widget_type=\"toggle.default\">\n\t\t\t\t<div class=\"elementor-widget-container\">\n\t\t\t\t\t\t\t<div class=\"elementor-toggle\">\n\t\t\t\t\t\t\t<div class=\"elementor-toggle-item\">\n\t\t\t\t\t<div id=\"elementor-tab-title-1221\" class=\"elementor-tab-title\" data-tab=\"1\" role=\"button\" aria-controls=\"elementor-tab-content-1221\" aria-expanded=\"false\">\n\t\t\t\t\t\t\t\t\t\t\t\t<span class=\"elementor-toggle-icon elementor-toggle-icon-left\" aria-hidden=\"true\">\n\t\t\t\t\t\t\t\t\t\t\t\t\t\t\t<span class=\"elementor-toggle-icon-closed\"><svg class=\"e-font-icon-svg e-fas-caret-right\" viewBox=\"0 0 192 512\" xmlns=\"http:\/\/www.w3.org\/2000\/svg\"><path d=\"M0 384.662V127.338c0-17.818 21.543-26.741 34.142-14.142l128.662 128.662c7.81 7.81 7.81 20.474 0 28.284L34.142 398.804C21.543 411.404 0 402.48 0 384.662z\"><\/path><\/svg><\/span>\n\t\t\t\t\t\t\t\t<span class=\"elementor-toggle-icon-opened\"><svg class=\"elementor-toggle-icon-opened e-font-icon-svg e-fas-caret-up\" viewBox=\"0 0 320 512\" xmlns=\"http:\/\/www.w3.org\/2000\/svg\"><path d=\"M288.662 352H31.338c-17.818 0-26.741-21.543-14.142-34.142l128.662-128.662c7.81-7.81 20.474-7.81 28.284 0l128.662 128.662c12.6 12.599 3.676 34.142-14.142 34.142z\"><\/path><\/svg><\/span>\n\t\t\t\t\t\t\t\t\t\t\t\t\t<\/span>\n\t\t\t\t\t\t\t\t\t\t\t\t<a class=\"elementor-toggle-title\" tabindex=\"0\">KLOSTER VON SANTA CHIARA<\/a>\n\t\t\t\t\t<\/div>\n\n\t\t\t\t\t<div id=\"elementor-tab-content-1221\" class=\"elementor-tab-content elementor-clearfix\" data-tab=\"1\" role=\"region\" aria-labelledby=\"elementor-tab-title-1221\"><p>Der Klosterkomplex von S. Chiara hatte eine grundlegende Rolle f\u00fcr das Wachstum der Stadt und der Di\u00f6zese Squillace. Im Laufe der Jahrhunderte wurde es in verschiedenen Geb\u00e4uden artikuliert, es wurde am 31. August 1331 gegr\u00fcndet, als der Graf von Squillace Thomas Marzano und Gro\u00dfadmiral des K\u00f6nigreichs Neapel, mit einer Bitte an Papst Johannes XXII, in Avignon, und erhielt die Erlaubnis, das Kloster zu gr\u00fcnden, realisierte es nur, mit der Unterst\u00fctzung des Bischofs von Squillace zu der Zeit, sechzig Jahre nach dem Tod des St. Clare. Nach Fiore h\u00e4tte der Bau jedoch im Jahr 1581 stattgefunden, dem Jahr, in dem ein gewisser Marcello Minniti aus Guardavalle das Kloster gebaut h\u00e4tte, das nach dieser Zeit der Minniti genannt wurde, weil darin viele Nonnen waren, die dieser Familie angeh\u00f6rten. Die eigentliche Fl\u00e4che, die von den Ruinen und dem Klostergeb\u00e4ude eingenommen wird, l\u00e4sst sich auf eine Fl\u00e4che von ca. 960 m\u00b2 eingrenzen; die S\u00fcdost- und Nordwestseite gehen auf die Hauptstra\u00dfe, die zum Dorf hinauff\u00fchrt. Diese Stra\u00dfe f\u00fchrt von S\u00fcden her neben der Ruinenseite der Kirche hinauf und biegt dann ab und f\u00fchrt in die entgegengesetzte Richtung neben der Nordwestseite des Klosters. Diese Kurve umschreibt einen halbkreisf\u00f6rmigen Bereich, der als kleiner Platz vor der Hauptfassade der Kirche S.Chiara genutzt wird.<\/p>\n<p><a href=\"https:\/\/www.tripadvisor.it\/Attraction_Review-g1096299-d12128519-Reviews-Monastero_di_Santa_Chiara-Squillace_Province_of_Catanzaro_Calabria.html\" target=\"_blank\" rel=\"noopener\">Tripadvisor<\/a><\/p>\n<\/div>\n\t\t\t\t<\/div>\n\t\t\t\t\t\t\t<div class=\"elementor-toggle-item\">\n\t\t\t\t\t<div id=\"elementor-tab-title-1222\" class=\"elementor-tab-title\" data-tab=\"2\" role=\"button\" aria-controls=\"elementor-tab-content-1222\" aria-expanded=\"false\">\n\t\t\t\t\t\t\t\t\t\t\t\t<span class=\"elementor-toggle-icon elementor-toggle-icon-left\" aria-hidden=\"true\">\n\t\t\t\t\t\t\t\t\t\t\t\t\t\t\t<span class=\"elementor-toggle-icon-closed\"><svg class=\"e-font-icon-svg e-fas-caret-right\" viewBox=\"0 0 192 512\" xmlns=\"http:\/\/www.w3.org\/2000\/svg\"><path d=\"M0 384.662V127.338c0-17.818 21.543-26.741 34.142-14.142l128.662 128.662c7.81 7.81 7.81 20.474 0 28.284L34.142 398.804C21.543 411.404 0 402.48 0 384.662z\"><\/path><\/svg><\/span>\n\t\t\t\t\t\t\t\t<span class=\"elementor-toggle-icon-opened\"><svg class=\"elementor-toggle-icon-opened e-font-icon-svg e-fas-caret-up\" viewBox=\"0 0 320 512\" xmlns=\"http:\/\/www.w3.org\/2000\/svg\"><path d=\"M288.662 352H31.338c-17.818 0-26.741-21.543-14.142-34.142l128.662-128.662c7.81-7.81 20.474-7.81 28.284 0l128.662 128.662c12.6 12.599 3.676 34.142-14.142 34.142z\"><\/path><\/svg><\/span>\n\t\t\t\t\t\t\t\t\t\t\t\t\t<\/span>\n\t\t\t\t\t\t\t\t\t\t\t\t<a class=\"elementor-toggle-title\" tabindex=\"0\">KLEINE KIRCHE DER SANTA MARIA DELLA PIETA<\/a>\n\t\t\t\t\t<\/div>\n\n\t\t\t\t\t<div id=\"elementor-tab-content-1222\" class=\"elementor-tab-content elementor-clearfix\" data-tab=\"2\" role=\"region\" aria-labelledby=\"elementor-tab-title-1222\"><p>Das kleine Geb\u00e4ude, das S. Maria della Piet\u00e0 gewidmet ist und auch als \u201eKleine gotische Kirche\u201c bekannt ist, befindet sich nicht weit von der Basilica Minor und dem Palazzo Assanti-Palmisani, in der N\u00e4he der Via dell\u2019Antico Senato. Erst 1853 durch das Testament des Bischofs Concezio Pasquini als religi\u00f6ses Geb\u00e4ude geweiht, ist es m\u00f6glich, den urspr\u00fcnglichen Bau des Geb\u00e4udes auf das dreizehnte Jahrhundert zu datieren, vielleicht im Rahmen des st\u00e4dtischen Impulses, der Squillace durch die schw\u00e4bische Dynastie gegeben wurde. Es handelt sich um eine Halle mit viereckigem Grundriss, die durch einen ziemlich massiven Mittelpfeiler, der schr\u00e4g zu den Umfassungsmauern steht, in vier Joche unterteilt ist. Die Erker sind mit Kreuzrippengew\u00f6lben mit quadratischen Kalksteinquadern bedeckt. Die Tasten der vier Gew\u00f6lbe sind mit geometrischen und floralen Motiven verziert. Die urspr\u00fcngliche T\u00fcr, die immer noch der Haupteingang ist, \u00f6ffnet sich an der Ostseite und wird durch ein Spitzbogenportal aus wei\u00dfen Kalksteinquadern erg\u00e4nzt. Zweifel an der Originalit\u00e4t der S\u00fcdfassade, wo sowohl der zweite Zugang als auch die einbogigen Fenster sp\u00e4ter zu sein scheinen: in diesem Fall handelt es sich um die Wiederverwendung wertvoller Materialien aus dem 13. bis 14. Jahrhundert, die vielleicht aus demselben Geb\u00e4ude stammen und neu angepasst wurden, als der Saal im 19. Jahrhundert auf Gehei\u00df des Adligen Giuseppe Rotella Marincola im Hinblick auf seine Umwandlung in eine Kirche restauriert wurde. Eine kleine arch\u00e4ologische Untersuchung, die im Geb\u00e4ude durchgef\u00fchrt wurde, hat es erlaubt, das Fehlen von Strukturen und Stratigraphie vor dem Geb\u00e4ude zu best\u00e4tigen.<\/p>\n<p><a href=\"https:\/\/www.tripadvisor.it\/Attraction_Review-g1096299-d12131057-Reviews-Chiesetta_di_Santa_Maria_della_Pieta_Chiesetta_Gotica-Squillace_Province_of_Cat.html\" target=\"_blank\" rel=\"noopener\">Tripadvisor<\/a><\/p>\n<\/div>\n\t\t\t\t<\/div>\n\t\t\t\t\t\t\t<div class=\"elementor-toggle-item\">\n\t\t\t\t\t<div id=\"elementor-tab-title-1223\" class=\"elementor-tab-title\" data-tab=\"3\" role=\"button\" aria-controls=\"elementor-tab-content-1223\" aria-expanded=\"false\">\n\t\t\t\t\t\t\t\t\t\t\t\t<span class=\"elementor-toggle-icon elementor-toggle-icon-left\" aria-hidden=\"true\">\n\t\t\t\t\t\t\t\t\t\t\t\t\t\t\t<span class=\"elementor-toggle-icon-closed\"><svg class=\"e-font-icon-svg e-fas-caret-right\" viewBox=\"0 0 192 512\" xmlns=\"http:\/\/www.w3.org\/2000\/svg\"><path d=\"M0 384.662V127.338c0-17.818 21.543-26.741 34.142-14.142l128.662 128.662c7.81 7.81 7.81 20.474 0 28.284L34.142 398.804C21.543 411.404 0 402.48 0 384.662z\"><\/path><\/svg><\/span>\n\t\t\t\t\t\t\t\t<span class=\"elementor-toggle-icon-opened\"><svg class=\"elementor-toggle-icon-opened e-font-icon-svg e-fas-caret-up\" viewBox=\"0 0 320 512\" xmlns=\"http:\/\/www.w3.org\/2000\/svg\"><path d=\"M288.662 352H31.338c-17.818 0-26.741-21.543-14.142-34.142l128.662-128.662c7.81-7.81 20.474-7.81 28.284 0l128.662 128.662c12.6 12.599 3.676 34.142-14.142 34.142z\"><\/path><\/svg><\/span>\n\t\t\t\t\t\t\t\t\t\t\t\t\t<\/span>\n\t\t\t\t\t\t\t\t\t\t\t\t<a class=\"elementor-toggle-title\" tabindex=\"0\">KIRCHE VON SAN MATTEO<\/a>\n\t\t\t\t\t<\/div>\n\n\t\t\t\t\t<div id=\"elementor-tab-content-1223\" class=\"elementor-tab-content elementor-clearfix\" data-tab=\"3\" role=\"region\" aria-labelledby=\"elementor-tab-title-1223\"><p>Die nach dem Erdbeben von 1783 errichtete Kirche hat eine pr\u00e4chtige Fassade mit einem gebrochenen Tympanon, das von weiblichen Basrelieffiguren umgeben ist, die ungew\u00f6hnlich barbusig sind.<\/p>\n<p><a href=\"https:\/\/www.tripadvisor.it\/Attraction_Review-g1096299-d12128399-Reviews-Chiesa_di_San_Matteo-Squillace_Province_of_Catanzaro_Calabria.html\" target=\"_blank\" rel=\"noopener\">Tripadisor<\/a><\/p>\n<\/div>\n\t\t\t\t<\/div>\n\t\t\t\t\t\t\t<div class=\"elementor-toggle-item\">\n\t\t\t\t\t<div id=\"elementor-tab-title-1224\" class=\"elementor-tab-title\" data-tab=\"4\" role=\"button\" aria-controls=\"elementor-tab-content-1224\" aria-expanded=\"false\">\n\t\t\t\t\t\t\t\t\t\t\t\t<span class=\"elementor-toggle-icon elementor-toggle-icon-left\" aria-hidden=\"true\">\n\t\t\t\t\t\t\t\t\t\t\t\t\t\t\t<span class=\"elementor-toggle-icon-closed\"><svg class=\"e-font-icon-svg e-fas-caret-right\" viewBox=\"0 0 192 512\" xmlns=\"http:\/\/www.w3.org\/2000\/svg\"><path d=\"M0 384.662V127.338c0-17.818 21.543-26.741 34.142-14.142l128.662 128.662c7.81 7.81 7.81 20.474 0 28.284L34.142 398.804C21.543 411.404 0 402.48 0 384.662z\"><\/path><\/svg><\/span>\n\t\t\t\t\t\t\t\t<span class=\"elementor-toggle-icon-opened\"><svg class=\"elementor-toggle-icon-opened e-font-icon-svg e-fas-caret-up\" viewBox=\"0 0 320 512\" xmlns=\"http:\/\/www.w3.org\/2000\/svg\"><path d=\"M288.662 352H31.338c-17.818 0-26.741-21.543-14.142-34.142l128.662-128.662c7.81-7.81 20.474-7.81 28.284 0l128.662 128.662c12.6 12.599 3.676 34.142-14.142 34.142z\"><\/path><\/svg><\/span>\n\t\t\t\t\t\t\t\t\t\t\t\t\t<\/span>\n\t\t\t\t\t\t\t\t\t\t\t\t<a class=\"elementor-toggle-title\" tabindex=\"0\">HEILIGTUM DER MADONNA DEL PONTE<\/a>\n\t\t\t\t\t<\/div>\n\n\t\t\t\t\t<div id=\"elementor-tab-content-1224\" class=\"elementor-tab-content elementor-clearfix\" data-tab=\"4\" role=\"region\" aria-labelledby=\"elementor-tab-title-1224\"><p>Die Wallfahrtskirche Unserer Lieben Frau von der Br\u00fccke befindet sich in einer abgelegenen und versteckten Position, am Fu\u00dfe des H\u00fcgels von Squillace, an der Stelle, wo die beiden Fl\u00fcsse, die es umgeben, der Alessi und der Ghetterello, zusammenflie\u00dfen, um in das Ionische Meer zu m\u00fcnden. Im fr\u00fchen Mittelalter, vor dem Bau des Heiligtums, gab es an diesen Orten einen Cenoby, vielleicht brasilianischen Ursprungs. Der Legende nach wurde die Kirche in Erinnerung an ein junges M\u00e4dchen gebaut, das vom Teufel befreit wurde, nachdem es das Bild der Jungfrau an einer alten Wand gesehen hatte. Das Fresko, das heute noch zu sehen ist, zeigt die Madonna beim Stillen des Kindes. Die gleiche Darstellung ist auf einer Glocke aus dem Jahre 1585 eingraviert. Sicher ist, dass 1724 die neue Kirche bereits in Gebrauch war.<\/p>\n<\/div>\n\t\t\t\t<\/div>\n\t\t\t\t\t\t\t\t<\/div>\n\t\t\t\t\t\t<\/div>\n\t\t\t\t<\/div>\n\t\t\t\t<div class=\"elementor-element elementor-element-acb4dfc elementor-widget elementor-widget-text-editor\" data-id=\"acb4dfc\" data-element_type=\"widget\" data-e-type=\"widget\" data-widget_type=\"text-editor.default\">\n\t\t\t\t<div class=\"elementor-widget-container\">\n\t\t\t\t\t\t\t\t\t<p>HISTORISCHE ST\u00c4TTEN<\/p>\n\t\t\t\t\t\t\t\t<\/div>\n\t\t\t\t<\/div>\n\t\t\t\t<div class=\"elementor-element elementor-element-c7e5770 elementor-widget elementor-widget-toggle\" data-id=\"c7e5770\" data-element_type=\"widget\" data-e-type=\"widget\" data-widget_type=\"toggle.default\">\n\t\t\t\t<div class=\"elementor-widget-container\">\n\t\t\t\t\t\t\t<div class=\"elementor-toggle\">\n\t\t\t\t\t\t\t<div class=\"elementor-toggle-item\">\n\t\t\t\t\t<div id=\"elementor-tab-title-2091\" class=\"elementor-tab-title\" data-tab=\"1\" role=\"button\" aria-controls=\"elementor-tab-content-2091\" aria-expanded=\"false\">\n\t\t\t\t\t\t\t\t\t\t\t\t<span class=\"elementor-toggle-icon elementor-toggle-icon-left\" aria-hidden=\"true\">\n\t\t\t\t\t\t\t\t\t\t\t\t\t\t\t<span class=\"elementor-toggle-icon-closed\"><svg class=\"e-font-icon-svg e-fas-caret-right\" viewBox=\"0 0 192 512\" xmlns=\"http:\/\/www.w3.org\/2000\/svg\"><path d=\"M0 384.662V127.338c0-17.818 21.543-26.741 34.142-14.142l128.662 128.662c7.81 7.81 7.81 20.474 0 28.284L34.142 398.804C21.543 411.404 0 402.48 0 384.662z\"><\/path><\/svg><\/span>\n\t\t\t\t\t\t\t\t<span class=\"elementor-toggle-icon-opened\"><svg class=\"elementor-toggle-icon-opened e-font-icon-svg e-fas-caret-up\" viewBox=\"0 0 320 512\" xmlns=\"http:\/\/www.w3.org\/2000\/svg\"><path d=\"M288.662 352H31.338c-17.818 0-26.741-21.543-14.142-34.142l128.662-128.662c7.81-7.81 20.474-7.81 28.284 0l128.662 128.662c12.6 12.599 3.676 34.142-14.142 34.142z\"><\/path><\/svg><\/span>\n\t\t\t\t\t\t\t\t\t\t\t\t\t<\/span>\n\t\t\t\t\t\t\t\t\t\t\t\t<a class=\"elementor-toggle-title\" tabindex=\"0\">TEUFELSBR\u00dcCKE<\/a>\n\t\t\t\t\t<\/div>\n\n\t\t\t\t\t<div id=\"elementor-tab-content-2091\" class=\"elementor-tab-content elementor-clearfix\" data-tab=\"1\" role=\"region\" aria-labelledby=\"elementor-tab-title-2091\"><p>Die Ghetterello-Br\u00fccke, besser bekannt als \u201ePonte del Diavolo\u201c (Teufelsbr\u00fccke), befindet sich am Fu\u00df der Nordseite des Squillace-Felsens. Sie erm\u00f6glichte die \u00dcberquerung des gleichnamigen Flusses, in Bezug auf einen der Eing\u00e4nge des Dorfes, denjenigen, der durch die Porta Giudaica geregelt wurde, so genannt wegen der Anwesenheit der Giudecca, dem j\u00fcdischen Viertel, das vielleicht seit dem dreizehnten Jahrhundert in Squillace vorhanden war. Die Br\u00fccke ist aus lokalem Stein (unbearbeitetem Granit) gebaut und hat einen Spitzbogen, einen sogenannten \u201eBuckel\u201c. Eine kreisf\u00f6rmige Bohrung im Mauerwerk erm\u00f6glicht einen besseren Wasserabfluss bei \u00dcberschwemmungen. Die Br\u00fccke war von der Burg aus gut sichtbar, so dass sie im Gefahrenfall verteidigt werden konnte.sec. XIV.<\/p>\n<\/div>\n\t\t\t\t<\/div>\n\t\t\t\t\t\t\t<div class=\"elementor-toggle-item\">\n\t\t\t\t\t<div id=\"elementor-tab-title-2092\" class=\"elementor-tab-title\" data-tab=\"2\" role=\"button\" aria-controls=\"elementor-tab-content-2092\" aria-expanded=\"false\">\n\t\t\t\t\t\t\t\t\t\t\t\t<span class=\"elementor-toggle-icon elementor-toggle-icon-left\" aria-hidden=\"true\">\n\t\t\t\t\t\t\t\t\t\t\t\t\t\t\t<span class=\"elementor-toggle-icon-closed\"><svg class=\"e-font-icon-svg e-fas-caret-right\" viewBox=\"0 0 192 512\" xmlns=\"http:\/\/www.w3.org\/2000\/svg\"><path d=\"M0 384.662V127.338c0-17.818 21.543-26.741 34.142-14.142l128.662 128.662c7.81 7.81 7.81 20.474 0 28.284L34.142 398.804C21.543 411.404 0 402.48 0 384.662z\"><\/path><\/svg><\/span>\n\t\t\t\t\t\t\t\t<span class=\"elementor-toggle-icon-opened\"><svg class=\"elementor-toggle-icon-opened e-font-icon-svg e-fas-caret-up\" viewBox=\"0 0 320 512\" xmlns=\"http:\/\/www.w3.org\/2000\/svg\"><path d=\"M288.662 352H31.338c-17.818 0-26.741-21.543-14.142-34.142l128.662-128.662c7.81-7.81 20.474-7.81 28.284 0l128.662 128.662c12.6 12.599 3.676 34.142-14.142 34.142z\"><\/path><\/svg><\/span>\n\t\t\t\t\t\t\t\t\t\t\t\t\t<\/span>\n\t\t\t\t\t\t\t\t\t\t\t\t<a class=\"elementor-toggle-title\" tabindex=\"0\">VIVARIUM ARCH\u00c4OLOGISCHES MUSEUM<\/a>\n\t\t\t\t\t<\/div>\n\n\t\t\t\t\t<div id=\"elementor-tab-content-2092\" class=\"elementor-tab-content elementor-clearfix\" data-tab=\"2\" role=\"region\" aria-labelledby=\"elementor-tab-title-2092\"><p>Die Funde, die im Museum untergebracht sind, stammen aus dem Gebiet von Staletti und insbesondere aus drei Bereichen: die hellenistische St\u00e4tte in der Ortschaft Chillino (IV. Sek. v. Chr.), die Kirche von San Martino di Copanello (V-X Sek.), das byzantinische Castrum von S. Maria del Mare (VI-XI Jh.).<\/p>\n<p>Der wissenschaftliche Weg ist chronologisch.<\/p>\n<p>Raum 1. Dieser Raum, der sich links vom Eingang befindet, beherbergt Exponate aus der klassischen Zeit. Es handelt sich im Wesentlichen um keramisches Material aus der Fundstelle von Chillino und aus der griechischen Phase der Siedlung von S. Maria del Mare.<\/p>\n<p>Raum 2. Dieser Raum beherbergt die Sp\u00e4tantike und das fr\u00fche Mittelalter. Hier befinden sich einige wertvolle architektonische Fragmente (kleine S\u00e4ulen und Kapitelle), die in den 1960er Jahren aus der Kirche S. Martino geborgen wurden, der Sarkophag aus lokalem Stein, der sich heute noch in derselben Kirche befindet, und die Funde, die die Phase VI-VII des byzantinischen Castrums von S. Maria del Mare bezeugen (Keramik, M\u00fcnzen, Objekte aus Bronze, Eisen und Glas). Lehrtafeln an den W\u00e4nden veranschaulichen die Geschichte des Territoriums zwischen Sp\u00e4tantike und Fr\u00fchmittelalter, wobei insbesondere die Figur des Cassiodorus und die erste byzantinische Besetzung im Mittelpunkt stehen.<\/p>\n<p>Raum 3. In diesem Raum sind die Artefakte aus der zweiten byzantinischen Periode (IX-XI Jahrhundert), bis zur normannischen Eroberung ausgestellt. Die meisten Funde stammen aus dem Castrum von S. Maria del Mare: es handelt sich haupts\u00e4chlich um Keramik, aber es gibt auch viele M\u00fcnzen, darunter ein Goldtari, Eisen- und Bronzeobjekte und das sehr wichtige Depot byzantinischer Granaten. Didaktische Tafeln an den W\u00e4nden erl\u00e4utern die Geschichte des Territoriums und insbesondere des Castrums zwischen der Zerst\u00f6rung der Langobarden und der normannischen Eroberung.<\/p>\n<p><strong>Erdgeschoss des Palazzo Aracri, Squillace, Italien<\/strong><\/p>\n<\/div>\n\t\t\t\t<\/div>\n\t\t\t\t\t\t\t<div class=\"elementor-toggle-item\">\n\t\t\t\t\t<div id=\"elementor-tab-title-2093\" class=\"elementor-tab-title\" data-tab=\"3\" role=\"button\" aria-controls=\"elementor-tab-content-2093\" aria-expanded=\"false\">\n\t\t\t\t\t\t\t\t\t\t\t\t<span class=\"elementor-toggle-icon elementor-toggle-icon-left\" aria-hidden=\"true\">\n\t\t\t\t\t\t\t\t\t\t\t\t\t\t\t<span class=\"elementor-toggle-icon-closed\"><svg class=\"e-font-icon-svg e-fas-caret-right\" viewBox=\"0 0 192 512\" xmlns=\"http:\/\/www.w3.org\/2000\/svg\"><path d=\"M0 384.662V127.338c0-17.818 21.543-26.741 34.142-14.142l128.662 128.662c7.81 7.81 7.81 20.474 0 28.284L34.142 398.804C21.543 411.404 0 402.48 0 384.662z\"><\/path><\/svg><\/span>\n\t\t\t\t\t\t\t\t<span class=\"elementor-toggle-icon-opened\"><svg class=\"elementor-toggle-icon-opened e-font-icon-svg e-fas-caret-up\" viewBox=\"0 0 320 512\" xmlns=\"http:\/\/www.w3.org\/2000\/svg\"><path d=\"M288.662 352H31.338c-17.818 0-26.741-21.543-14.142-34.142l128.662-128.662c7.81-7.81 20.474-7.81 28.284 0l128.662 128.662c12.6 12.599 3.676 34.142-14.142 34.142z\"><\/path><\/svg><\/span>\n\t\t\t\t\t\t\t\t\t\t\t\t\t<\/span>\n\t\t\t\t\t\t\t\t\t\t\t\t<a class=\"elementor-toggle-title\" tabindex=\"0\">MUSEUM DES MITTELALTERS<\/a>\n\t\t\t\t\t<\/div>\n\n\t\t\t\t\t<div id=\"elementor-tab-content-2093\" class=\"elementor-tab-content elementor-clearfix\" data-tab=\"3\" role=\"region\" aria-labelledby=\"elementor-tab-title-2093\"><p><strong>Der wissenschaftliche Weg ALA LINKS<\/strong><\/p>\n<p>Das wissenschaftliche Projekt zielt darauf ab, die Geschichte der Siedlung Squillace und ihres Territoriums anhand der arch\u00e4ologischen Funde zu rekonstruieren, die aus den in den Jahren \u201990-\u201911 durchgef\u00fchrten Forschungen (Ausgrabungen und Rekognoszierung) sowie aus Spenden stammen.<\/p>\n<p>Das Studium der Funde, das derzeit im Gange ist, hat es uns erm\u00f6glicht, die Route in chronologischen Phasen zu organisieren, die durch die gefundenen Materialien gekennzeichnet sind:<\/p>\n<ol>\n<li>Raum 2a: Das Gebiet von der Vorgeschichte bis zur R\u00f6merzeit<\/li>\n<li>Raum 2b: Vom Hochmittelalter bis zur normannischen Phase (VI\/VII sec. \u2013 XII sec.);<\/li>\n<li>Raum 3a: Von der normannisch-schw\u00e4bischen Zeit bis zu den Aragoniern (XIII. \u2013 XIV. Jh.);<\/li>\n<li>Raum 3b: Von der Aragonier- zur Borgia-Siedlung (15.-16. Jahrhundert).<\/li>\n<\/ol>\n<p>Die meisten dieser Artefakte decken eine chronologische Spanne vom Neolithikum bis zum 16. Jahrhundert ab: Pfeilspitzen, Schaber, Obsidian, Keramik, Objekte aus Eisen, Bronze und Glas, M\u00fcnzen, Schmuck, Kopien von Inschriften. Der didaktische Rundgang wird durch Vitrinen, sowohl an der Wand als auch im Rund, entwickelt, die von erkl\u00e4renden Tafeln begleitet werden, in denen versucht wird, das Verh\u00e4ltnis zwischen Informationen und Bildern auszubalancieren, um den Rundgang auch f\u00fcr Nicht-Fachleute leichter zu machen.<\/p>\n<\/p>\n<p><b>Der wissenschaftliche Weg ALA DESTRA<\/b><\/p>\n<p>Die Ausstellung im rechten Fl\u00fcgel ist die Erg\u00e4nzung der Ausstellung im linken Fl\u00fcgel des Museums, die Artefakte der klassischen Antike aus dem Territorium und Artefakte aus dem fr\u00fchen Mittelalter bis zum Ende des 11. Jahrhunderts aus der Burg enth\u00e4lt.<\/p>\n<p>Der Rundgang ist nach Materialklassen gegliedert und entwickelt sich \u00fcber einen chronologischen Zeitraum, der vom 12. bis zum 16. Jahrhundert reicht. Die Exponate sind haupts\u00e4chlich Keramiken. Im Einzelnen:<\/p>\n<ol>\n<li>Keramik mit rotem Banddekor (12.-14. Jh.);<\/li>\n<li>Polychrom glasierte Keramik (13.-16. Jh.);<\/li>\n<li>Engobierte und graffitierte Keramik (15.-16. Jahrhundert);<\/li>\n<li>K\u00fcchenkeramik (XII- XVI Jahrhundert);<\/li>\n<li>Gegenst\u00e4nde aus Metall;<\/li>\n<li>Glaswaren.<\/li>\n<\/ol>\n<p>Didaktische Tafeln an den W\u00e4nden definieren den Entwicklungsweg jeder einzelnen Materialklasse und beschreiben den stratigraphischen Kontext ihrer Entdeckung.<\/p>\n<\/div>\n\t\t\t\t<\/div>\n\t\t\t\t\t\t\t<div class=\"elementor-toggle-item\">\n\t\t\t\t\t<div id=\"elementor-tab-title-2094\" class=\"elementor-tab-title\" data-tab=\"4\" role=\"button\" aria-controls=\"elementor-tab-content-2094\" aria-expanded=\"false\">\n\t\t\t\t\t\t\t\t\t\t\t\t<span class=\"elementor-toggle-icon elementor-toggle-icon-left\" aria-hidden=\"true\">\n\t\t\t\t\t\t\t\t\t\t\t\t\t\t\t<span class=\"elementor-toggle-icon-closed\"><svg class=\"e-font-icon-svg e-fas-caret-right\" viewBox=\"0 0 192 512\" xmlns=\"http:\/\/www.w3.org\/2000\/svg\"><path d=\"M0 384.662V127.338c0-17.818 21.543-26.741 34.142-14.142l128.662 128.662c7.81 7.81 7.81 20.474 0 28.284L34.142 398.804C21.543 411.404 0 402.48 0 384.662z\"><\/path><\/svg><\/span>\n\t\t\t\t\t\t\t\t<span class=\"elementor-toggle-icon-opened\"><svg class=\"elementor-toggle-icon-opened e-font-icon-svg e-fas-caret-up\" viewBox=\"0 0 320 512\" xmlns=\"http:\/\/www.w3.org\/2000\/svg\"><path d=\"M288.662 352H31.338c-17.818 0-26.741-21.543-14.142-34.142l128.662-128.662c7.81-7.81 20.474-7.81 28.284 0l128.662 128.662c12.6 12.599 3.676 34.142-14.142 34.142z\"><\/path><\/svg><\/span>\n\t\t\t\t\t\t\t\t\t\t\t\t\t<\/span>\n\t\t\t\t\t\t\t\t\t\t\t\t<a class=\"elementor-toggle-title\" tabindex=\"0\">DI\u00d6ZESANMUSEUM F\u00dcR SAKRALE KUNST<\/a>\n\t\t\t\t\t<\/div>\n\n\t\t\t\t\t<div id=\"elementor-tab-content-2094\" class=\"elementor-tab-content elementor-clearfix\" data-tab=\"4\" role=\"region\" aria-labelledby=\"elementor-tab-title-2094\"><p>Das Di\u00f6zesanmuseum f\u00fcr sakrale Kunst von Squillace wurde 1984 durch den Willen des damaligen Erzbischofs Antonio Cantisani gegr\u00fcndet und befindet sich im Bischofspalast, einem Geb\u00e4ude aus dem Jahr 1564. Die Sammlung umfasst sechs R\u00e4ume und sammelt wichtige historische und k\u00fcnstlerische, aus dem vierzehnten bis neunzehnten Jahrhundert, wie Monstranzen, Kelche, Leuchter, Gew\u00e4nder, Gem\u00e4lde, Holzskulpturen und Marmorarbeiten. Die meisten der ausgestellten Werke stammen aus der Schatzkammer der normannischen Kathedrale, die durch das Erdbeben von 1783 zerst\u00f6rt wurde, aber es gibt auch wertvolle Zeugnisse, die aus anderen religi\u00f6sen Geb\u00e4uden der Di\u00f6zese stammen.<\/p>\n<\/div>\n\t\t\t\t<\/div>\n\t\t\t\t\t\t\t\t<\/div>\n\t\t\t\t\t\t<\/div>\n\t\t\t\t<\/div>\n\t\t\t\t\t<\/div>\n\t\t<\/div>\n\t\t\t\t\t<\/div>\n\t\t<\/section>\n\t\t\t\t<section class=\"elementor-section elementor-top-section elementor-element elementor-element-c4b77fc elementor-section-boxed elementor-section-height-default elementor-section-height-default\" data-id=\"c4b77fc\" data-element_type=\"section\" data-e-type=\"section\">\n\t\t\t\t\t\t<div class=\"elementor-container elementor-column-gap-default\">\n\t\t\t\t\t<div class=\"elementor-column elementor-col-100 elementor-top-column elementor-element elementor-element-870d8ef\" data-id=\"870d8ef\" data-element_type=\"column\" data-e-type=\"column\">\n\t\t\t<div class=\"elementor-widget-wrap elementor-element-populated\">\n\t\t\t\t\t\t<div class=\"elementor-element elementor-element-0577d28 elementor-widget elementor-widget-spacer\" data-id=\"0577d28\" data-element_type=\"widget\" data-e-type=\"widget\" data-widget_type=\"spacer.default\">\n\t\t\t\t<div class=\"elementor-widget-container\">\n\t\t\t\t\t\t\t<div class=\"elementor-spacer\">\n\t\t\t<div class=\"elementor-spacer-inner\"><\/div>\n\t\t<\/div>\n\t\t\t\t\t\t<\/div>\n\t\t\t\t<\/div>\n\t\t\t\t\t<\/div>\n\t\t<\/div>\n\t\t\t\t\t<\/div>\n\t\t<\/section>\n\t\t\t\t<section class=\"elementor-section elementor-top-section elementor-element elementor-element-6fb6a15 elementor-section-boxed elementor-section-height-default elementor-section-height-default\" data-id=\"6fb6a15\" data-element_type=\"section\" data-e-type=\"section\">\n\t\t\t\t\t\t<div class=\"elementor-container elementor-column-gap-default\">\n\t\t\t\t\t<div class=\"elementor-column elementor-col-33 elementor-top-column elementor-element elementor-element-4f234e8\" data-id=\"4f234e8\" data-element_type=\"column\" data-e-type=\"column\" data-settings=\"{&quot;background_background&quot;:&quot;classic&quot;}\">\n\t\t\t<div class=\"elementor-widget-wrap elementor-element-populated\">\n\t\t\t\t\t\t<div class=\"elementor-element elementor-element-ea3aa79 elementor-widget elementor-widget-image\" data-id=\"ea3aa79\" data-element_type=\"widget\" data-e-type=\"widget\" data-widget_type=\"image.default\">\n\t\t\t\t<div class=\"elementor-widget-container\">\n\t\t\t\t\t\t\t\t\t\t\t\t\t\t\t<img decoding=\"async\" width=\"900\" height=\"900\" src=\"https:\/\/www.oasidelgovernatore.it\/wp-content\/uploads\/2020\/05\/Arte-Oasi-Boxlocation-900x900-3.jpg\" class=\"attachment-large size-large wp-image-5159\" alt=\"Oasi del Governatore - Arte\" srcset=\"https:\/\/www.oasidelgovernatore.it\/wp-content\/uploads\/2020\/05\/Arte-Oasi-Boxlocation-900x900-3.jpg 900w, https:\/\/www.oasidelgovernatore.it\/wp-content\/uploads\/2020\/05\/Arte-Oasi-Boxlocation-900x900-3-300x300.jpg 300w, https:\/\/www.oasidelgovernatore.it\/wp-content\/uploads\/2020\/05\/Arte-Oasi-Boxlocation-900x900-3-150x150.jpg 150w, https:\/\/www.oasidelgovernatore.it\/wp-content\/uploads\/2020\/05\/Arte-Oasi-Boxlocation-900x900-3-768x768.jpg 768w, https:\/\/www.oasidelgovernatore.it\/wp-content\/uploads\/2020\/05\/Arte-Oasi-Boxlocation-900x900-3-100x100.jpg 100w, https:\/\/www.oasidelgovernatore.it\/wp-content\/uploads\/2020\/05\/Arte-Oasi-Boxlocation-900x900-3-80x80.jpg 80w, https:\/\/www.oasidelgovernatore.it\/wp-content\/uploads\/2020\/05\/Arte-Oasi-Boxlocation-900x900-3-394x394.jpg 394w, https:\/\/www.oasidelgovernatore.it\/wp-content\/uploads\/2020\/05\/Arte-Oasi-Boxlocation-900x900-3-303x303.jpg 303w, https:\/\/www.oasidelgovernatore.it\/wp-content\/uploads\/2020\/05\/Arte-Oasi-Boxlocation-900x900-3-605x605.jpg 605w, https:\/\/www.oasidelgovernatore.it\/wp-content\/uploads\/2020\/05\/Arte-Oasi-Boxlocation-900x900-3-700x700.jpg 700w, https:\/\/www.oasidelgovernatore.it\/wp-content\/uploads\/2020\/05\/Arte-Oasi-Boxlocation-900x900-3-600x600.jpg 600w\" sizes=\"(max-width: 900px) 100vw, 900px\" \/>\t\t\t\t\t\t\t\t\t\t\t\t\t\t\t<\/div>\n\t\t\t\t<\/div>\n\t\t\t\t\t<\/div>\n\t\t<\/div>\n\t\t\t\t<div class=\"elementor-column elementor-col-66 elementor-top-column elementor-element elementor-element-23198f0\" data-id=\"23198f0\" data-element_type=\"column\" data-e-type=\"column\" data-settings=\"{&quot;background_background&quot;:&quot;classic&quot;}\">\n\t\t\t<div class=\"elementor-widget-wrap elementor-element-populated\">\n\t\t\t\t\t\t<div class=\"elementor-element elementor-element-677b915 elementor-widget elementor-widget-heading\" data-id=\"677b915\" data-element_type=\"widget\" data-e-type=\"widget\" data-widget_type=\"heading.default\">\n\t\t\t\t<div class=\"elementor-widget-container\">\n\t\t\t\t\t<h4 class=\"elementor-heading-title elementor-size-default\">COPANEL<\/h4>\t\t\t\t<\/div>\n\t\t\t\t<\/div>\n\t\t\t\t<div class=\"elementor-element elementor-element-99d4f9b elementor-widget elementor-widget-text-editor\" data-id=\"99d4f9b\" data-element_type=\"widget\" data-e-type=\"widget\" data-widget_type=\"text-editor.default\">\n\t\t\t\t<div class=\"elementor-widget-container\">\n\t\t\t\t\t\t\t\t\t<p><span style=\"font-size: 18.6667px;\">6 km von der Oase<\/span><\/p>\n\t\t\t\t\t\t\t\t<\/div>\n\t\t\t\t<\/div>\n\t\t\t\t<div class=\"elementor-element elementor-element-2599f5b elementor-widget elementor-widget-text-editor\" data-id=\"2599f5b\" data-element_type=\"widget\" data-e-type=\"widget\" data-widget_type=\"text-editor.default\">\n\t\t\t\t<div class=\"elementor-widget-container\">\n\t\t\t\t\t\t\t\t\t<p>Das gesamte Gebiet von Copanello ist gepr\u00e4gt von \u00fcppigen H\u00fcgeln der <span style=\"color: #000000;\">typisch mediterrane Flora<\/span> und <span style=\"color: #000000;\">Vorgebirge aus wei\u00dfem Granit<\/span>, die sanft zum Meer hin abfallen und so <span style=\"color: #000000;\">Sandstr\u00e4nde, gemischt mit Granitfelsen<\/span>, die an einigen Stellen von H\u00f6hlen durchbrochen sind, in die das Meer hineinkriecht, von denen die ber\u00fchmteste die von San Gregorio ist, an der Grenze zu Caminia.<\/p>\n<p>Das Gebiet ist noch interessanter wegen der Ereignisse, die mit Flavio Magno Aurelio Cassiodoro verbunden sind, dem ersten Minister und Berater von Teodorico, dem K\u00f6nig der Goten, der vermutlich 485 n. Chr. in Scolacium geboren wurde. Nachdem Cassiodorus vergeblich versucht hatte, \u00f6stliche und westliche Kultur zu vereinen, zog er sich in seine Heimat zur\u00fcck, wo er das Vivarium gr\u00fcndete, das Kloster Vivario, dessen Name sich von den Fischzuchtanlagen ableiten soll, die aus drei in den Felsen gegrabenen Becken bestanden, in die Cassiodorus selbst die dem Meer entnommenen Fische \u00fcberf\u00fchrte, um sie zu z\u00fcchten und f\u00fcr die Bed\u00fcrfnisse des Heiligtums zu verwerten. Die Vasche di Cassiodoro gehen \u00fcber die Funktion der Aquakultur hinaus, f\u00fcr die sie gedacht waren, da sie mit der Bedeutung des Vivariums verwoben sind, einem Ort der Verehrung und einer Quelle geistiger und wissenschaftlicher Nahrung f\u00fcr die gesamte Menschheit, einer Art moderner Universit\u00e4t. Die kulturellen und spirituellen Bed\u00fcrfnisse der Gemeinschaft von Vivariense gaben Anlass zu der sehr reichen literarischen Produktion von Cassiodoro, die in den letzten Jahrzehnten seines weltlichen Lebens 9 der 13 oder mehr Werke, die er schrieb, speiste. In der gleichen Gegend wurden die \u00dcberreste der antiken Kirche San Martino gefunden, ein kleines religi\u00f6ses Geb\u00e4ude mit einem einzigen Schiff, das einen steinernen Sarkophag mit Inschriften in griechischer Sprache beherbergt, der auf das achte Jahrhundert n. Chr. zur\u00fcckgeht und lange Zeit als das Grab des Cassiodorus identifiziert wurde. Das Geb\u00e4ude wurde auf einem Grundst\u00fcck gegr\u00fcndet, das zur Villa von Cassiodoro geh\u00f6rte und normalerweise mit dem Kloster Vivariense identifiziert wird. 8 Km entfernt<\/p>\n\t\t\t\t\t\t\t\t<\/div>\n\t\t\t\t<\/div>\n\t\t\t\t\t<\/div>\n\t\t<\/div>\n\t\t\t\t\t<\/div>\n\t\t<\/section>\n\t\t\t\t<section class=\"elementor-section elementor-top-section elementor-element elementor-element-65820fc elementor-section-boxed elementor-section-height-default elementor-section-height-default\" data-id=\"65820fc\" data-element_type=\"section\" data-e-type=\"section\">\n\t\t\t\t\t\t<div class=\"elementor-container elementor-column-gap-default\">\n\t\t\t\t\t<div class=\"elementor-column elementor-col-100 elementor-top-column elementor-element elementor-element-8d26e7f\" data-id=\"8d26e7f\" data-element_type=\"column\" data-e-type=\"column\">\n\t\t\t<div class=\"elementor-widget-wrap elementor-element-populated\">\n\t\t\t\t\t\t<div class=\"elementor-element elementor-element-72af293 elementor-widget elementor-widget-spacer\" data-id=\"72af293\" data-element_type=\"widget\" data-e-type=\"widget\" data-widget_type=\"spacer.default\">\n\t\t\t\t<div class=\"elementor-widget-container\">\n\t\t\t\t\t\t\t<div class=\"elementor-spacer\">\n\t\t\t<div class=\"elementor-spacer-inner\"><\/div>\n\t\t<\/div>\n\t\t\t\t\t\t<\/div>\n\t\t\t\t<\/div>\n\t\t\t\t\t<\/div>\n\t\t<\/div>\n\t\t\t\t\t<\/div>\n\t\t<\/section>\n\t\t\t\t<section class=\"elementor-section elementor-top-section elementor-element elementor-element-28fb772 elementor-section-boxed elementor-section-height-default elementor-section-height-default\" data-id=\"28fb772\" data-element_type=\"section\" data-e-type=\"section\">\n\t\t\t\t\t\t<div class=\"elementor-container elementor-column-gap-default\">\n\t\t\t\t\t<div class=\"elementor-column elementor-col-33 elementor-top-column elementor-element elementor-element-ab376a6\" data-id=\"ab376a6\" data-element_type=\"column\" data-e-type=\"column\" data-settings=\"{&quot;background_background&quot;:&quot;classic&quot;}\">\n\t\t\t<div class=\"elementor-widget-wrap elementor-element-populated\">\n\t\t\t\t\t\t<div class=\"elementor-element elementor-element-91ab202 elementor-widget elementor-widget-image\" data-id=\"91ab202\" data-element_type=\"widget\" data-e-type=\"widget\" data-widget_type=\"image.default\">\n\t\t\t\t<div class=\"elementor-widget-container\">\n\t\t\t\t\t\t\t\t\t\t\t\t\t\t\t<img loading=\"lazy\" decoding=\"async\" width=\"900\" height=\"900\" src=\"https:\/\/www.oasidelgovernatore.it\/wp-content\/uploads\/2020\/05\/Arte-Oasi-Boxlocation-900x900-4.jpg\" class=\"attachment-full size-full wp-image-5161\" alt=\"Oasi del Governatore - Arte Borgia\" srcset=\"https:\/\/www.oasidelgovernatore.it\/wp-content\/uploads\/2020\/05\/Arte-Oasi-Boxlocation-900x900-4.jpg 900w, https:\/\/www.oasidelgovernatore.it\/wp-content\/uploads\/2020\/05\/Arte-Oasi-Boxlocation-900x900-4-300x300.jpg 300w, https:\/\/www.oasidelgovernatore.it\/wp-content\/uploads\/2020\/05\/Arte-Oasi-Boxlocation-900x900-4-150x150.jpg 150w, https:\/\/www.oasidelgovernatore.it\/wp-content\/uploads\/2020\/05\/Arte-Oasi-Boxlocation-900x900-4-768x768.jpg 768w, https:\/\/www.oasidelgovernatore.it\/wp-content\/uploads\/2020\/05\/Arte-Oasi-Boxlocation-900x900-4-100x100.jpg 100w, https:\/\/www.oasidelgovernatore.it\/wp-content\/uploads\/2020\/05\/Arte-Oasi-Boxlocation-900x900-4-80x80.jpg 80w, https:\/\/www.oasidelgovernatore.it\/wp-content\/uploads\/2020\/05\/Arte-Oasi-Boxlocation-900x900-4-394x394.jpg 394w, https:\/\/www.oasidelgovernatore.it\/wp-content\/uploads\/2020\/05\/Arte-Oasi-Boxlocation-900x900-4-303x303.jpg 303w, https:\/\/www.oasidelgovernatore.it\/wp-content\/uploads\/2020\/05\/Arte-Oasi-Boxlocation-900x900-4-605x605.jpg 605w, https:\/\/www.oasidelgovernatore.it\/wp-content\/uploads\/2020\/05\/Arte-Oasi-Boxlocation-900x900-4-700x700.jpg 700w, https:\/\/www.oasidelgovernatore.it\/wp-content\/uploads\/2020\/05\/Arte-Oasi-Boxlocation-900x900-4-600x600.jpg 600w\" sizes=\"(max-width: 900px) 100vw, 900px\" \/>\t\t\t\t\t\t\t\t\t\t\t\t\t\t\t<\/div>\n\t\t\t\t<\/div>\n\t\t\t\t\t<\/div>\n\t\t<\/div>\n\t\t\t\t<div class=\"elementor-column elementor-col-66 elementor-top-column elementor-element elementor-element-713a129\" data-id=\"713a129\" data-element_type=\"column\" data-e-type=\"column\" data-settings=\"{&quot;background_background&quot;:&quot;classic&quot;}\">\n\t\t\t<div class=\"elementor-widget-wrap elementor-element-populated\">\n\t\t\t\t\t\t<div class=\"elementor-element elementor-element-dc82c07 elementor-widget elementor-widget-heading\" data-id=\"dc82c07\" data-element_type=\"widget\" data-e-type=\"widget\" data-widget_type=\"heading.default\">\n\t\t\t\t<div class=\"elementor-widget-container\">\n\t\t\t\t\t<h4 class=\"elementor-heading-title elementor-size-default\">BORGIA<\/h4>\t\t\t\t<\/div>\n\t\t\t\t<\/div>\n\t\t\t\t<div class=\"elementor-element elementor-element-b8349a2 elementor-widget elementor-widget-text-editor\" data-id=\"b8349a2\" data-element_type=\"widget\" data-e-type=\"widget\" data-widget_type=\"text-editor.default\">\n\t\t\t\t<div class=\"elementor-widget-container\">\n\t\t\t\t\t\t\t\t\t<p><span style=\"font-size: 18.6667px;\">12 km von der Oase<\/span><\/p>\n\t\t\t\t\t\t\t\t<\/div>\n\t\t\t\t<\/div>\n\t\t\t\t<div class=\"elementor-element elementor-element-4de8ae5 elementor-widget elementor-widget-text-editor\" data-id=\"4de8ae5\" data-element_type=\"widget\" data-e-type=\"widget\" data-widget_type=\"text-editor.default\">\n\t\t\t\t<div class=\"elementor-widget-container\">\n\t\t\t\t\t\t\t\t\t<p>Der Legende nach wurde Borgia von dem athenischen Helden Menestheus gegr\u00fcndet, der aus dem Trojanischen Krieg zur\u00fcckkehrte, oder sogar von Odysseus, der an diesen Ufern Schiffbruch erlitt. Wahrscheinlicher ist, dass die Stadt als Unterkolonie von Kroton gegr\u00fcndet wurde, um die Landenge zwischen den beiden Meeren zu kontrollieren. Gegr\u00fcndet als milit\u00e4rische Garnison gegen das nahe Locri, war es ein Zentrum des Handelsverkehrs auf der Landenge, die \u00fcber die Fl\u00fcsse Amato und Corace f\u00fchrt. Im vierten Jahrhundert v. Chr. unter der Herrschaft der Britti \u00fcbergeben, ging die Stadt am Ende des dritten Jahrhunderts v. Chr. zur\u00fcck. In den Jahren 123-122 v. Chr. beschloss der Senat von Rom, durch Caio Gracco, die Kolonie Minervia Scolacium zu gr\u00fcnden. Das Gebiet der Kolonie war nicht auf die Ebene von Roccelletta beschr\u00e4nkt, sondern musste sich auf die flachen Gebiete entlang des Corace in Richtung der heutigen Borgia, Catanzaro Lido und Copanello erstrecken. Passed unter Spartacus im Jahr 72 v. Chr., nach einer monumentalen Erholung in der julisch-claudischen Zeit, in 96-98 n. Chr. wurde eine neue Kolonie durch den Kaiser Nerva mit dem Namen Colonia Minerva Nervia Augusta Scolacium gegr\u00fcndet und die Stadt erweitert mit dem Bau des Amphitheaters, das neue Theater-Szene und den Bau der B\u00e4der.<\/p>\n\t\t\t\t\t\t\t\t<\/div>\n\t\t\t\t<\/div>\n\t\t\t\t\t<\/div>\n\t\t<\/div>\n\t\t\t\t\t<\/div>\n\t\t<\/section>\n\t\t\t\t<section class=\"elementor-section elementor-top-section elementor-element elementor-element-583e54f elementor-section-boxed elementor-section-height-default elementor-section-height-default\" data-id=\"583e54f\" data-element_type=\"section\" data-e-type=\"section\">\n\t\t\t\t\t\t<div class=\"elementor-container elementor-column-gap-default\">\n\t\t\t\t\t<div class=\"elementor-column elementor-col-100 elementor-top-column elementor-element elementor-element-9ec27de\" data-id=\"9ec27de\" data-element_type=\"column\" data-e-type=\"column\">\n\t\t\t<div class=\"elementor-widget-wrap elementor-element-populated\">\n\t\t\t\t\t\t<div class=\"elementor-element elementor-element-13f01da elementor-widget elementor-widget-spacer\" data-id=\"13f01da\" data-element_type=\"widget\" data-e-type=\"widget\" data-widget_type=\"spacer.default\">\n\t\t\t\t<div class=\"elementor-widget-container\">\n\t\t\t\t\t\t\t<div class=\"elementor-spacer\">\n\t\t\t<div class=\"elementor-spacer-inner\"><\/div>\n\t\t<\/div>\n\t\t\t\t\t\t<\/div>\n\t\t\t\t<\/div>\n\t\t\t\t\t<\/div>\n\t\t<\/div>\n\t\t\t\t\t<\/div>\n\t\t<\/section>\n\t\t\t\t<section class=\"elementor-section elementor-top-section elementor-element elementor-element-0610ae1 elementor-section-boxed elementor-section-height-default elementor-section-height-default\" data-id=\"0610ae1\" data-element_type=\"section\" data-e-type=\"section\">\n\t\t\t\t\t\t<div class=\"elementor-container elementor-column-gap-default\">\n\t\t\t\t\t<div class=\"elementor-column elementor-col-33 elementor-top-column elementor-element elementor-element-c3813cd\" data-id=\"c3813cd\" data-element_type=\"column\" data-e-type=\"column\" data-settings=\"{&quot;background_background&quot;:&quot;classic&quot;}\">\n\t\t\t<div class=\"elementor-widget-wrap elementor-element-populated\">\n\t\t\t\t\t\t<div class=\"elementor-element elementor-element-26663dc elementor-widget elementor-widget-image\" data-id=\"26663dc\" data-element_type=\"widget\" data-e-type=\"widget\" data-widget_type=\"image.default\">\n\t\t\t\t<div class=\"elementor-widget-container\">\n\t\t\t\t\t\t\t\t\t\t\t\t\t\t\t<img loading=\"lazy\" decoding=\"async\" width=\"900\" height=\"900\" src=\"https:\/\/www.oasidelgovernatore.it\/wp-content\/uploads\/2020\/05\/Arte-Oasi-Boxlocation-900x900-5.jpg\" class=\"attachment-full size-full wp-image-5163\" alt=\"Oasi del Governatore - Arte Vie della Seta San Florio\" srcset=\"https:\/\/www.oasidelgovernatore.it\/wp-content\/uploads\/2020\/05\/Arte-Oasi-Boxlocation-900x900-5.jpg 900w, https:\/\/www.oasidelgovernatore.it\/wp-content\/uploads\/2020\/05\/Arte-Oasi-Boxlocation-900x900-5-300x300.jpg 300w, https:\/\/www.oasidelgovernatore.it\/wp-content\/uploads\/2020\/05\/Arte-Oasi-Boxlocation-900x900-5-150x150.jpg 150w, https:\/\/www.oasidelgovernatore.it\/wp-content\/uploads\/2020\/05\/Arte-Oasi-Boxlocation-900x900-5-768x768.jpg 768w, https:\/\/www.oasidelgovernatore.it\/wp-content\/uploads\/2020\/05\/Arte-Oasi-Boxlocation-900x900-5-100x100.jpg 100w, https:\/\/www.oasidelgovernatore.it\/wp-content\/uploads\/2020\/05\/Arte-Oasi-Boxlocation-900x900-5-80x80.jpg 80w, https:\/\/www.oasidelgovernatore.it\/wp-content\/uploads\/2020\/05\/Arte-Oasi-Boxlocation-900x900-5-394x394.jpg 394w, https:\/\/www.oasidelgovernatore.it\/wp-content\/uploads\/2020\/05\/Arte-Oasi-Boxlocation-900x900-5-303x303.jpg 303w, https:\/\/www.oasidelgovernatore.it\/wp-content\/uploads\/2020\/05\/Arte-Oasi-Boxlocation-900x900-5-605x605.jpg 605w, https:\/\/www.oasidelgovernatore.it\/wp-content\/uploads\/2020\/05\/Arte-Oasi-Boxlocation-900x900-5-700x700.jpg 700w, https:\/\/www.oasidelgovernatore.it\/wp-content\/uploads\/2020\/05\/Arte-Oasi-Boxlocation-900x900-5-600x600.jpg 600w\" sizes=\"(max-width: 900px) 100vw, 900px\" \/>\t\t\t\t\t\t\t\t\t\t\t\t\t\t\t<\/div>\n\t\t\t\t<\/div>\n\t\t\t\t\t<\/div>\n\t\t<\/div>\n\t\t\t\t<div class=\"elementor-column elementor-col-66 elementor-top-column elementor-element elementor-element-17048be\" data-id=\"17048be\" data-element_type=\"column\" data-e-type=\"column\" data-settings=\"{&quot;background_background&quot;:&quot;classic&quot;}\">\n\t\t\t<div class=\"elementor-widget-wrap elementor-element-populated\">\n\t\t\t\t\t\t<div class=\"elementor-element elementor-element-ed182fb elementor-widget elementor-widget-heading\" data-id=\"ed182fb\" data-element_type=\"widget\" data-e-type=\"widget\" data-widget_type=\"heading.default\">\n\t\t\t\t<div class=\"elementor-widget-container\">\n\t\t\t\t\t<h4 class=\"elementor-heading-title elementor-size-default\">SAN FLORIO UND TIRIOLO: Auf den Seidenstra\u00dfen<\/h4>\t\t\t\t<\/div>\n\t\t\t\t<\/div>\n\t\t\t\t<div class=\"elementor-element elementor-element-911778b elementor-widget elementor-widget-text-editor\" data-id=\"911778b\" data-element_type=\"widget\" data-e-type=\"widget\" data-widget_type=\"text-editor.default\">\n\t\t\t\t<div class=\"elementor-widget-container\">\n\t\t\t\t\t\t\t\t\t<p>Seide bildete den Reichtum nicht nur f\u00fcr die Hauptstadt, sondern auch f\u00fcr die gesamte Region. Der Baco, der von den Arabern auf ihrer Durchreise durch Kalabrien importiert wurde, wird weiterhin von einer Gruppe junger Leute gez\u00fcchtet, die es geschafft haben, in die Zukunft zu blicken und gleichzeitig mit der gro\u00dfen Ressource des Maulbeerbaums verbunden zu bleiben. Pflanze, die sie mit Sorgfalt und Leidenschaft wachsen. Ein Besuch des <span style=\"color: #000000;\">Seidenmuseums und des Dorfes Tiriolo, um das Tyrrhenische und das Ionische Meer<\/span> auf einen Blick zu umarmen, ist ein Muss f\u00fcr alle, die entlang der Ionischen K\u00fcste reisen und die Traditionen Kalabriens genie\u00dfen m\u00f6chten.<\/p>\n\t\t\t\t\t\t\t\t<\/div>\n\t\t\t\t<\/div>\n\t\t\t\t\t<\/div>\n\t\t<\/div>\n\t\t\t\t\t<\/div>\n\t\t<\/section>\n\t\t\t\t<section class=\"elementor-section elementor-top-section elementor-element elementor-element-84909ff elementor-section-boxed elementor-section-height-default elementor-section-height-default\" data-id=\"84909ff\" data-element_type=\"section\" data-e-type=\"section\">\n\t\t\t\t\t\t<div class=\"elementor-container elementor-column-gap-default\">\n\t\t\t\t\t<div class=\"elementor-column elementor-col-100 elementor-top-column elementor-element elementor-element-b3ad153\" data-id=\"b3ad153\" data-element_type=\"column\" data-e-type=\"column\">\n\t\t\t<div class=\"elementor-widget-wrap elementor-element-populated\">\n\t\t\t\t\t\t<div class=\"elementor-element elementor-element-da3d61d elementor-widget elementor-widget-spacer\" data-id=\"da3d61d\" data-element_type=\"widget\" data-e-type=\"widget\" data-widget_type=\"spacer.default\">\n\t\t\t\t<div class=\"elementor-widget-container\">\n\t\t\t\t\t\t\t<div class=\"elementor-spacer\">\n\t\t\t<div class=\"elementor-spacer-inner\"><\/div>\n\t\t<\/div>\n\t\t\t\t\t\t<\/div>\n\t\t\t\t<\/div>\n\t\t\t\t\t<\/div>\n\t\t<\/div>\n\t\t\t\t\t<\/div>\n\t\t<\/section>\n\t\t\t\t<section class=\"elementor-section elementor-top-section elementor-element elementor-element-4e75077 elementor-section-boxed elementor-section-height-default elementor-section-height-default\" data-id=\"4e75077\" data-element_type=\"section\" data-e-type=\"section\">\n\t\t\t\t\t\t<div class=\"elementor-container elementor-column-gap-default\">\n\t\t\t\t\t<div class=\"elementor-column elementor-col-33 elementor-top-column elementor-element elementor-element-c3f5e58\" data-id=\"c3f5e58\" data-element_type=\"column\" data-e-type=\"column\" data-settings=\"{&quot;background_background&quot;:&quot;classic&quot;}\">\n\t\t\t<div class=\"elementor-widget-wrap elementor-element-populated\">\n\t\t\t\t\t\t<div class=\"elementor-element elementor-element-b3938a7 elementor-widget elementor-widget-image\" data-id=\"b3938a7\" data-element_type=\"widget\" data-e-type=\"widget\" data-widget_type=\"image.default\">\n\t\t\t\t<div class=\"elementor-widget-container\">\n\t\t\t\t\t\t\t\t\t\t\t\t\t\t\t<img loading=\"lazy\" decoding=\"async\" width=\"900\" height=\"900\" src=\"https:\/\/www.oasidelgovernatore.it\/wp-content\/uploads\/2020\/05\/Arte-Oasi-Boxlocation-900x900-6.jpg\" class=\"attachment-full size-full wp-image-5165\" alt=\"Oasi del Governatore - arte e tradizioni\" srcset=\"https:\/\/www.oasidelgovernatore.it\/wp-content\/uploads\/2020\/05\/Arte-Oasi-Boxlocation-900x900-6.jpg 900w, https:\/\/www.oasidelgovernatore.it\/wp-content\/uploads\/2020\/05\/Arte-Oasi-Boxlocation-900x900-6-300x300.jpg 300w, https:\/\/www.oasidelgovernatore.it\/wp-content\/uploads\/2020\/05\/Arte-Oasi-Boxlocation-900x900-6-150x150.jpg 150w, https:\/\/www.oasidelgovernatore.it\/wp-content\/uploads\/2020\/05\/Arte-Oasi-Boxlocation-900x900-6-768x768.jpg 768w, https:\/\/www.oasidelgovernatore.it\/wp-content\/uploads\/2020\/05\/Arte-Oasi-Boxlocation-900x900-6-100x100.jpg 100w, https:\/\/www.oasidelgovernatore.it\/wp-content\/uploads\/2020\/05\/Arte-Oasi-Boxlocation-900x900-6-80x80.jpg 80w, https:\/\/www.oasidelgovernatore.it\/wp-content\/uploads\/2020\/05\/Arte-Oasi-Boxlocation-900x900-6-394x394.jpg 394w, https:\/\/www.oasidelgovernatore.it\/wp-content\/uploads\/2020\/05\/Arte-Oasi-Boxlocation-900x900-6-303x303.jpg 303w, https:\/\/www.oasidelgovernatore.it\/wp-content\/uploads\/2020\/05\/Arte-Oasi-Boxlocation-900x900-6-605x605.jpg 605w, https:\/\/www.oasidelgovernatore.it\/wp-content\/uploads\/2020\/05\/Arte-Oasi-Boxlocation-900x900-6-700x700.jpg 700w, https:\/\/www.oasidelgovernatore.it\/wp-content\/uploads\/2020\/05\/Arte-Oasi-Boxlocation-900x900-6-600x600.jpg 600w\" sizes=\"(max-width: 900px) 100vw, 900px\" \/>\t\t\t\t\t\t\t\t\t\t\t\t\t\t\t<\/div>\n\t\t\t\t<\/div>\n\t\t\t\t\t<\/div>\n\t\t<\/div>\n\t\t\t\t<div class=\"elementor-column elementor-col-66 elementor-top-column elementor-element elementor-element-ea9ef93\" data-id=\"ea9ef93\" data-element_type=\"column\" data-e-type=\"column\" data-settings=\"{&quot;background_background&quot;:&quot;classic&quot;}\">\n\t\t\t<div class=\"elementor-widget-wrap elementor-element-populated\">\n\t\t\t\t\t\t<div class=\"elementor-element elementor-element-db7fbd0 elementor-widget elementor-widget-heading\" data-id=\"db7fbd0\" data-element_type=\"widget\" data-e-type=\"widget\" data-widget_type=\"heading.default\">\n\t\t\t\t<div class=\"elementor-widget-container\">\n\t\t\t\t\t<h4 class=\"elementor-heading-title elementor-size-default\">CARAFFA und seine albanischen Urspr\u00fcnge<\/h4>\t\t\t\t<\/div>\n\t\t\t\t<\/div>\n\t\t\t\t<div class=\"elementor-element elementor-element-615edaa elementor-widget elementor-widget-text-editor\" data-id=\"615edaa\" data-element_type=\"widget\" data-e-type=\"widget\" data-widget_type=\"text-editor.default\">\n\t\t\t\t<div class=\"elementor-widget-container\">\n\t\t\t\t\t\t\t\t\t<p><span style=\"font-size: 14pt;\">Das Kulturzentrum des Landes THE ARBERESHE INSTITUTE \u201eG. GANGALE\u201c. <\/span><\/p>\n\t\t\t\t\t\t\t\t<\/div>\n\t\t\t\t<\/div>\n\t\t\t\t<div class=\"elementor-element elementor-element-bf0bae0 elementor-widget elementor-widget-text-editor\" data-id=\"bf0bae0\" data-element_type=\"widget\" data-e-type=\"widget\" data-widget_type=\"text-editor.default\">\n\t\t\t\t<div class=\"elementor-widget-container\">\n\t\t\t\t\t\t\t\t\t<p>Caraffa di Catanzaro ist eine <span style=\"color: #000000;\">arb\u00ebresh\u00eb<\/span> (italo-albanische) Stadt, die w\u00e4hrend einer gro\u00dfen Migrationswelle um 1448 von <span style=\"color: #000000;\">Shqipetare<\/span>-Milizion\u00e4ren gegr\u00fcndet wurde, Albanern, die im Gefolge von Demetrio Reres und seinen beiden S\u00f6hnen Basilio und Giorgio von der anderen Seite des Ionischen Meeres kamen, um dem K\u00f6nig von Neapel Alfonso von Aragon zu helfen. Demetrius wurde f\u00fcr die dem K\u00f6nig geleisteten Dienste zum Statthalter der Provinz Reggio ernannt, und aus seinem Gefolge, das in Kalabrien blieb, entstanden die St\u00e4dte um Catanzaro (<span style=\"color: #000000;\">Andali, Arietta, Caraffa, Carfizzi, Gizzeria, Marcedusa, Pallagorio, S. Nicola Dell\u2019Alto, Vena di Maida, Zangarona<\/span>).<\/p>\n<p>Caraffa stellt eine der ersten albanischen Siedlungen in Italien dar (die in sp\u00e4teren Migrationen zahlreiche andere St\u00e4dte in Kalabrien und in ganz S\u00fcditalien gr\u00fcndeten); der Name wiederholt den Adelsnamen der Familie Carafa, Herz\u00f6ge von Nocera, denen die albanischen G\u00e4ste aus Dankbarkeit f\u00fcr die \u00dcberlassung von Land das Dorf f\u00fcr die Ewigkeit geweiht haben. In Caraffa wird noch ein alter albanischer Dialekt gesprochen, der nur durch m\u00fcndliche \u00dcberlieferung erhalten ist und viele Ber\u00fchrungspunkte vor allem mit den toskischen Dialekten S\u00fcdalbaniens hat, die heute die offizielle Sprache des Landes der Adler sind. Der Dialekt des Nordens hingegen ist ghego, woraus, vielleicht in Erweiterung, der Begriff gjegj entstand, mit dem sich die Italo-Albaner <em>ARB\u00cbRESH\u00cb<\/em> nennen. Die ersten Siedlungen waren nicht nur Caraffa, sondern auch Usito, das weiter flussabw\u00e4rts lag, und Arenoso, das auf dem gleichnamigen H\u00fcgel vor den Toren der heutigen Stadt lag. Bald siedelten sich alle Bewohner auf dem flachen Bergr\u00fccken an, der auf drei Seiten von einer tiefen Schlucht umgeben ist, die noch heute den historischen Kern des Dorfes bildet und die eine gute Verteidigungsposition f\u00fcr die Krieger gegen\u00fcber den umliegenden D\u00f6rfern darstellte. Im Jahr 1783 zerst\u00f6rte das katastrophale Erdbeben, das die gesamte Region ersch\u00fctterte, einen gro\u00dfen Teil des albanischsprachigen Zentrums und verursachte eine hohe Anzahl von Todesopfern. Im Jahr 1807, unter franz\u00f6sischer Herrschaft, erhielt Caraffa die Verwaltungsautonomie, indem es zur Universit\u00e4t (heute Gemeinde) des Bezirks Tiriolo wurde. Im Jahr 1834 erreichte Arthur John Strutt, ein englischer Literat und Maler, das Land auf einer Reise, die ganz Kalabrien und Sizilien umfasste. Er beschrieb und malte in pr\u00e4chtigen Aquarellen die traditionelle Kleidung der Caraffa. Das <span style=\"color: #000000;\">Kulturzentrum des Landes Das 1996 gegr\u00fcndete ARBERESHE INSTITUTE \u201eG. GANGALE\u201c<\/span> ist bereits Teil der Museumsrouten der Provinz Catanzaro.<\/p>\n\t\t\t\t\t\t\t\t<\/div>\n\t\t\t\t<\/div>\n\t\t\t\t\t<\/div>\n\t\t<\/div>\n\t\t\t\t\t<\/div>\n\t\t<\/section>\n\t\t\t\t<section class=\"elementor-section elementor-top-section elementor-element elementor-element-b2a3056 elementor-section-boxed elementor-section-height-default elementor-section-height-default\" data-id=\"b2a3056\" data-element_type=\"section\" data-e-type=\"section\">\n\t\t\t\t\t\t<div class=\"elementor-container elementor-column-gap-default\">\n\t\t\t\t\t<div class=\"elementor-column elementor-col-100 elementor-top-column elementor-element elementor-element-a92fcbf\" data-id=\"a92fcbf\" data-element_type=\"column\" data-e-type=\"column\">\n\t\t\t<div class=\"elementor-widget-wrap elementor-element-populated\">\n\t\t\t\t\t\t<div class=\"elementor-element elementor-element-f9f3afc elementor-widget elementor-widget-spacer\" data-id=\"f9f3afc\" data-element_type=\"widget\" data-e-type=\"widget\" data-widget_type=\"spacer.default\">\n\t\t\t\t<div class=\"elementor-widget-container\">\n\t\t\t\t\t\t\t<div class=\"elementor-spacer\">\n\t\t\t<div class=\"elementor-spacer-inner\"><\/div>\n\t\t<\/div>\n\t\t\t\t\t\t<\/div>\n\t\t\t\t<\/div>\n\t\t\t\t\t<\/div>\n\t\t<\/div>\n\t\t\t\t\t<\/div>\n\t\t<\/section>\n\t\t\t\t<section class=\"elementor-section elementor-top-section elementor-element elementor-element-74d0141 elementor-section-boxed elementor-section-height-default elementor-section-height-default\" data-id=\"74d0141\" data-element_type=\"section\" data-e-type=\"section\">\n\t\t\t\t\t\t<div class=\"elementor-container elementor-column-gap-default\">\n\t\t\t\t\t<div class=\"elementor-column elementor-col-33 elementor-top-column elementor-element elementor-element-5f731ec\" data-id=\"5f731ec\" data-element_type=\"column\" data-e-type=\"column\" data-settings=\"{&quot;background_background&quot;:&quot;classic&quot;}\">\n\t\t\t<div class=\"elementor-widget-wrap elementor-element-populated\">\n\t\t\t\t\t\t<div class=\"elementor-element elementor-element-8d91254 elementor-widget elementor-widget-image\" data-id=\"8d91254\" data-element_type=\"widget\" data-e-type=\"widget\" data-widget_type=\"image.default\">\n\t\t\t\t<div class=\"elementor-widget-container\">\n\t\t\t\t\t\t\t\t\t\t\t\t\t\t\t<img loading=\"lazy\" decoding=\"async\" width=\"900\" height=\"900\" src=\"https:\/\/www.oasidelgovernatore.it\/wp-content\/uploads\/2020\/05\/Arte-Oasi-Boxlocation-900x900-7.jpg\" class=\"attachment-full size-full wp-image-5167\" alt=\"Oasi del Governatore - Arte Badolato\" srcset=\"https:\/\/www.oasidelgovernatore.it\/wp-content\/uploads\/2020\/05\/Arte-Oasi-Boxlocation-900x900-7.jpg 900w, https:\/\/www.oasidelgovernatore.it\/wp-content\/uploads\/2020\/05\/Arte-Oasi-Boxlocation-900x900-7-300x300.jpg 300w, https:\/\/www.oasidelgovernatore.it\/wp-content\/uploads\/2020\/05\/Arte-Oasi-Boxlocation-900x900-7-150x150.jpg 150w, https:\/\/www.oasidelgovernatore.it\/wp-content\/uploads\/2020\/05\/Arte-Oasi-Boxlocation-900x900-7-768x768.jpg 768w, https:\/\/www.oasidelgovernatore.it\/wp-content\/uploads\/2020\/05\/Arte-Oasi-Boxlocation-900x900-7-100x100.jpg 100w, https:\/\/www.oasidelgovernatore.it\/wp-content\/uploads\/2020\/05\/Arte-Oasi-Boxlocation-900x900-7-80x80.jpg 80w, https:\/\/www.oasidelgovernatore.it\/wp-content\/uploads\/2020\/05\/Arte-Oasi-Boxlocation-900x900-7-394x394.jpg 394w, https:\/\/www.oasidelgovernatore.it\/wp-content\/uploads\/2020\/05\/Arte-Oasi-Boxlocation-900x900-7-303x303.jpg 303w, https:\/\/www.oasidelgovernatore.it\/wp-content\/uploads\/2020\/05\/Arte-Oasi-Boxlocation-900x900-7-605x605.jpg 605w, https:\/\/www.oasidelgovernatore.it\/wp-content\/uploads\/2020\/05\/Arte-Oasi-Boxlocation-900x900-7-700x700.jpg 700w, https:\/\/www.oasidelgovernatore.it\/wp-content\/uploads\/2020\/05\/Arte-Oasi-Boxlocation-900x900-7-600x600.jpg 600w\" sizes=\"(max-width: 900px) 100vw, 900px\" \/>\t\t\t\t\t\t\t\t\t\t\t\t\t\t\t<\/div>\n\t\t\t\t<\/div>\n\t\t\t\t\t<\/div>\n\t\t<\/div>\n\t\t\t\t<div class=\"elementor-column elementor-col-66 elementor-top-column elementor-element elementor-element-9ebbf29\" data-id=\"9ebbf29\" data-element_type=\"column\" data-e-type=\"column\" data-settings=\"{&quot;background_background&quot;:&quot;classic&quot;}\">\n\t\t\t<div class=\"elementor-widget-wrap elementor-element-populated\">\n\t\t\t\t\t\t<div class=\"elementor-element elementor-element-c75823a elementor-widget elementor-widget-heading\" data-id=\"c75823a\" data-element_type=\"widget\" data-e-type=\"widget\" data-widget_type=\"heading.default\">\n\t\t\t\t<div class=\"elementor-widget-container\">\n\t\t\t\t\t<h4 class=\"elementor-heading-title elementor-size-default\">BADOLATO<\/h4>\t\t\t\t<\/div>\n\t\t\t\t<\/div>\n\t\t\t\t<div class=\"elementor-element elementor-element-541a181 elementor-widget elementor-widget-text-editor\" data-id=\"541a181\" data-element_type=\"widget\" data-e-type=\"widget\" data-widget_type=\"text-editor.default\">\n\t\t\t\t<div class=\"elementor-widget-container\">\n\t\t\t\t\t\t\t\t\t<p><span style=\"font-size: 14pt;\">Start der Route von der Oase: 50 km. <\/span><span style=\"color: inherit; font-family: inherit; font-style: inherit;\"><span style=\"font-size: 14pt;\">(<\/span><\/span><span style=\"color: inherit; font-family: inherit; font-style: inherit; font-size: 14pt;\">Shockwave-Reiseplan)<\/span><\/p>\n\t\t\t\t\t\t\t\t<\/div>\n\t\t\t\t<\/div>\n\t\t\t\t<div class=\"elementor-element elementor-element-e6e068e elementor-widget elementor-widget-text-editor\" data-id=\"e6e068e\" data-element_type=\"widget\" data-e-type=\"widget\" data-widget_type=\"text-editor.default\">\n\t\t\t\t<div class=\"elementor-widget-container\">\n\t\t\t\t\t\t\t\t\t<p>Badolato ist ein charmantes <span style=\"color: #000000;\">mittelalterliches Dorf<\/span>, das durch eine byzantinische Anlage mit zahlreichen Kirchen in Form eines lateinischen Kreuzes und vielen charakteristischen Gassen gepr\u00e4gt ist. Das Hotel liegt in einer strategischen Position der kalabrischen Gebiet, bietet dem Besucher die M\u00f6glichkeit, in allen Dimensionen der herrlichen Natur, die es umgibt, einschlie\u00dflich Meer, H\u00fcgel, Berge und See.<\/p>\n<p>Das tausendj\u00e4hrige Dorf Badolato hat seine mittelalterliche st\u00e4dtebauliche Struktur, die aus reizvollen engen und gewundenen Gassen besteht, die sich zwischen den H\u00e4usern nebeneinander kreuzen, noch intakt bewahrt. Badolato liegt auf einem H\u00fcgel mit Blick auf das weite Tal des Gallipari-Baches, dessen schroffe Z\u00fcge und Sch\u00f6nheit in all ihrer Pracht von den vielen Aussichtspunkten bewundert werden k\u00f6nnen, die die Stra\u00dfe zum Berg und die Hochebene der Serre s\u00e4umen. Letztere verbindet das antike Dorf mit der Hauptstra\u00dfe 106, die es dem Besucher erm\u00f6glicht, in wenigen Minuten von der warmen Annehmlichkeit der ionischen K\u00fcste zum Charme eines noch unber\u00fchrten Berges zu gelangen.<\/p>\n\t\t\t\t\t\t\t\t<\/div>\n\t\t\t\t<\/div>\n\t\t\t\t<div class=\"elementor-element elementor-element-8b24d25 elementor-widget elementor-widget-toggle\" data-id=\"8b24d25\" data-element_type=\"widget\" data-e-type=\"widget\" data-widget_type=\"toggle.default\">\n\t\t\t\t<div class=\"elementor-widget-container\">\n\t\t\t\t\t\t\t<div class=\"elementor-toggle\">\n\t\t\t\t\t\t\t<div class=\"elementor-toggle-item\">\n\t\t\t\t\t<div id=\"elementor-tab-title-1451\" class=\"elementor-tab-title\" data-tab=\"1\" role=\"button\" aria-controls=\"elementor-tab-content-1451\" aria-expanded=\"false\">\n\t\t\t\t\t\t\t\t\t\t\t\t<span class=\"elementor-toggle-icon elementor-toggle-icon-left\" aria-hidden=\"true\">\n\t\t\t\t\t\t\t\t\t\t\t\t\t\t\t<span class=\"elementor-toggle-icon-closed\"><svg class=\"e-font-icon-svg e-fas-caret-right\" viewBox=\"0 0 192 512\" xmlns=\"http:\/\/www.w3.org\/2000\/svg\"><path d=\"M0 384.662V127.338c0-17.818 21.543-26.741 34.142-14.142l128.662 128.662c7.81 7.81 7.81 20.474 0 28.284L34.142 398.804C21.543 411.404 0 402.48 0 384.662z\"><\/path><\/svg><\/span>\n\t\t\t\t\t\t\t\t<span class=\"elementor-toggle-icon-opened\"><svg class=\"elementor-toggle-icon-opened e-font-icon-svg e-fas-caret-up\" viewBox=\"0 0 320 512\" xmlns=\"http:\/\/www.w3.org\/2000\/svg\"><path d=\"M288.662 352H31.338c-17.818 0-26.741-21.543-14.142-34.142l128.662-128.662c7.81-7.81 20.474-7.81 28.284 0l128.662 128.662c12.6 12.599 3.676 34.142-14.142 34.142z\"><\/path><\/svg><\/span>\n\t\t\t\t\t\t\t\t\t\t\t\t\t<\/span>\n\t\t\t\t\t\t\t\t\t\t\t\t<a class=\"elementor-toggle-title\" tabindex=\"0\">GESCHICHTE<\/a>\n\t\t\t\t\t<\/div>\n\n\t\t\t\t\t<div id=\"elementor-tab-content-1451\" class=\"elementor-tab-content elementor-clearfix\" data-tab=\"1\" role=\"region\" aria-labelledby=\"elementor-tab-title-1451\"><p>Badolato wurde 1080 vom ersten Herzog von Kalabrien, Robert Guiscard, einem Normannenf\u00fchrer, als \u201efriedliches Dorf\u201c gegr\u00fcndet. Seit seinen Urspr\u00fcngen diente das Dorf vor allem der Verteidigung, wie die Stadtmauern und die edle Burg aus dem 12. Jahrhundert beweisen; letztere diente insbesondere mit ihrem Turm als Aussichtspunkt gegen die Invasionen der Sarazenen oder der T\u00fcrken, die Kalabrien im fr\u00fchen Mittelalter plagten. Leider ist heute nur noch wenig oder gar nichts \u00fcbrig geblieben, was von der Befestigung zeugt, wenn nicht gar die Struktur des Dorfes selbst, die \u00dcberreste der alten mittelalterlichen Tore zum Dorf mit seinen engen Steinstra\u00dfen, die unz\u00e4hligen Stra\u00dfen, die sich in konzentrischen Kreisen winden und zur Spitze des H\u00fcgels hin zusammenlaufen, wo sich die alte Burg befand. Von hier aus verzweigte sich das kleine Dorf in die b\u00e4uerlichen Behausungen und Gesch\u00e4fte, die sein Leben ausmachten. Badolato wurde im Laufe der Zeit zu einem wichtigen Bezugspunkt f\u00fcr die umliegenden Gebiete, als ein Zentrum der Religiosit\u00e4t, das von Basilianerm\u00f6nchen, Franziskanern und Dominikanern frequentiert wurde, die zahlreiche Bruderschaften bildeten, die noch heute in der Verwaltung und Betreuung der herrlichen Kirchen und Kl\u00f6ster, die in den vergangenen Jahrhunderten gebaut wurden, t\u00e4tig sind und besch\u00e4ftigt sind. In j\u00fcngster Zeit ist Badolato Protagonist eines Pilotprojekts der Gastfreundschaft und Solidarit\u00e4t gegen\u00fcber der kurdischen Bev\u00f6lkerung nach der Landung von 1997 (339 politische Fl\u00fcchtlinge haben haupts\u00e4chlich in einigen H\u00e4usern des Dorfes, die von der Gemeinde Badolato und einigen Privatleuten zur Verf\u00fcgung gestellt wurden, Gastfreundschaft gefunden). All dies hat Badolato \u2013 ein \u201ealtes verlassenes mittelalterliches Dorf\u201c, auch bekannt f\u00fcr die ber\u00fchmte Provokation \u201eBadolato Land zu verkaufen\u201c der achtziger Jahre \u2013 zu den Ehren der Chronik mit einer gro\u00dfen Resonanz Masse gesprungen \u2013 nationale und internationale Medien, die dann indirekt angeworben und \u00f6ffnete neue Grenzen des ausl\u00e4ndischen Tourismus, mit B\u00fcrgern aus Nordeuropa, den USA und vielen anderen L\u00e4ndern, interessiert in den Kauf und die Renovierung der alten H\u00e4user im Dorf thront.<\/p>\n<\/div>\n\t\t\t\t<\/div>\n\t\t\t\t\t\t\t\t<\/div>\n\t\t\t\t\t\t<\/div>\n\t\t\t\t<\/div>\n\t\t\t\t<div class=\"elementor-element elementor-element-4b8dcd5 elementor-widget elementor-widget-text-editor\" data-id=\"4b8dcd5\" data-element_type=\"widget\" data-e-type=\"widget\" data-widget_type=\"text-editor.default\">\n\t\t\t\t<div class=\"elementor-widget-container\">\n\t\t\t\t\t\t\t\t\t<p>K\u00fcrzlich die Nominierung bei der UNO f\u00fcr den \u201eWorld Habitat Award\u201c \u2013 ein Preis von internationaler Bedeutung \u2013 und die Realisierung zwischen den engen Gassen des alten Dorfes des ber\u00fchmten Kurzfilms von Win Wenders \u201eIL VOLO\u201c, Regisseur von internationalem Ruhm, der die Aufmerksamkeit auf Badolato (regionaler Sitz der C.I.R.) und Riace gelenkt hat, L\u00e4nder, in denen immer noch SPRAR-Projekte der Europ\u00e4ischen Gemeinschaft laufen, mit Wegen der Aufnahme und Integration von politischen Fl\u00fcchtlingen und Asylbewerbern.<\/p>\n\t\t\t\t\t\t\t\t<\/div>\n\t\t\t\t<\/div>\n\t\t\t\t\t<\/div>\n\t\t<\/div>\n\t\t\t\t\t<\/div>\n\t\t<\/section>\n\t\t\t\t<section class=\"elementor-section elementor-top-section elementor-element elementor-element-4a99d87 elementor-section-boxed elementor-section-height-default elementor-section-height-default\" data-id=\"4a99d87\" data-element_type=\"section\" data-e-type=\"section\">\n\t\t\t\t\t\t<div class=\"elementor-container elementor-column-gap-default\">\n\t\t\t\t\t<div class=\"elementor-column elementor-col-100 elementor-top-column elementor-element elementor-element-1554a6d\" data-id=\"1554a6d\" data-element_type=\"column\" data-e-type=\"column\">\n\t\t\t<div class=\"elementor-widget-wrap elementor-element-populated\">\n\t\t\t\t\t\t<div class=\"elementor-element elementor-element-fbac214 elementor-widget elementor-widget-spacer\" data-id=\"fbac214\" data-element_type=\"widget\" data-e-type=\"widget\" data-widget_type=\"spacer.default\">\n\t\t\t\t<div class=\"elementor-widget-container\">\n\t\t\t\t\t\t\t<div class=\"elementor-spacer\">\n\t\t\t<div class=\"elementor-spacer-inner\"><\/div>\n\t\t<\/div>\n\t\t\t\t\t\t<\/div>\n\t\t\t\t<\/div>\n\t\t\t\t\t<\/div>\n\t\t<\/div>\n\t\t\t\t\t<\/div>\n\t\t<\/section>\n\t\t\t\t<section class=\"elementor-section elementor-top-section elementor-element elementor-element-387ba73 elementor-section-boxed elementor-section-height-default elementor-section-height-default\" data-id=\"387ba73\" data-element_type=\"section\" data-e-type=\"section\">\n\t\t\t\t\t\t<div class=\"elementor-container elementor-column-gap-default\">\n\t\t\t\t\t<div class=\"elementor-column elementor-col-33 elementor-top-column elementor-element elementor-element-1b1a39f\" data-id=\"1b1a39f\" data-element_type=\"column\" data-e-type=\"column\" data-settings=\"{&quot;background_background&quot;:&quot;classic&quot;}\">\n\t\t\t<div class=\"elementor-widget-wrap elementor-element-populated\">\n\t\t\t\t\t\t<div class=\"elementor-element elementor-element-8998a55 elementor-widget elementor-widget-image\" data-id=\"8998a55\" data-element_type=\"widget\" data-e-type=\"widget\" data-widget_type=\"image.default\">\n\t\t\t\t<div class=\"elementor-widget-container\">\n\t\t\t\t\t\t\t\t\t\t\t\t\t\t\t<img loading=\"lazy\" decoding=\"async\" width=\"900\" height=\"900\" src=\"https:\/\/www.oasidelgovernatore.it\/wp-content\/uploads\/2020\/05\/Arte-Oasi-Boxlocation-900x900-8.jpg\" class=\"attachment-full size-full wp-image-5169\" alt=\"Oasi del Governatore - arte\" srcset=\"https:\/\/www.oasidelgovernatore.it\/wp-content\/uploads\/2020\/05\/Arte-Oasi-Boxlocation-900x900-8.jpg 900w, https:\/\/www.oasidelgovernatore.it\/wp-content\/uploads\/2020\/05\/Arte-Oasi-Boxlocation-900x900-8-300x300.jpg 300w, https:\/\/www.oasidelgovernatore.it\/wp-content\/uploads\/2020\/05\/Arte-Oasi-Boxlocation-900x900-8-150x150.jpg 150w, https:\/\/www.oasidelgovernatore.it\/wp-content\/uploads\/2020\/05\/Arte-Oasi-Boxlocation-900x900-8-768x768.jpg 768w, https:\/\/www.oasidelgovernatore.it\/wp-content\/uploads\/2020\/05\/Arte-Oasi-Boxlocation-900x900-8-100x100.jpg 100w, https:\/\/www.oasidelgovernatore.it\/wp-content\/uploads\/2020\/05\/Arte-Oasi-Boxlocation-900x900-8-80x80.jpg 80w, https:\/\/www.oasidelgovernatore.it\/wp-content\/uploads\/2020\/05\/Arte-Oasi-Boxlocation-900x900-8-394x394.jpg 394w, https:\/\/www.oasidelgovernatore.it\/wp-content\/uploads\/2020\/05\/Arte-Oasi-Boxlocation-900x900-8-303x303.jpg 303w, https:\/\/www.oasidelgovernatore.it\/wp-content\/uploads\/2020\/05\/Arte-Oasi-Boxlocation-900x900-8-605x605.jpg 605w, https:\/\/www.oasidelgovernatore.it\/wp-content\/uploads\/2020\/05\/Arte-Oasi-Boxlocation-900x900-8-700x700.jpg 700w, https:\/\/www.oasidelgovernatore.it\/wp-content\/uploads\/2020\/05\/Arte-Oasi-Boxlocation-900x900-8-600x600.jpg 600w\" sizes=\"(max-width: 900px) 100vw, 900px\" \/>\t\t\t\t\t\t\t\t\t\t\t\t\t\t\t<\/div>\n\t\t\t\t<\/div>\n\t\t\t\t\t<\/div>\n\t\t<\/div>\n\t\t\t\t<div class=\"elementor-column elementor-col-66 elementor-top-column elementor-element elementor-element-41bc8ba\" data-id=\"41bc8ba\" data-element_type=\"column\" data-e-type=\"column\" data-settings=\"{&quot;background_background&quot;:&quot;classic&quot;}\">\n\t\t\t<div class=\"elementor-widget-wrap elementor-element-populated\">\n\t\t\t\t\t\t<div class=\"elementor-element elementor-element-108b93b elementor-widget elementor-widget-heading\" data-id=\"108b93b\" data-element_type=\"widget\" data-e-type=\"widget\" data-widget_type=\"heading.default\">\n\t\t\t\t<div class=\"elementor-widget-container\">\n\t\t\t\t\t<h4 class=\"elementor-heading-title elementor-size-default\">SORIANO-KALABRO<\/h4>\t\t\t\t<\/div>\n\t\t\t\t<\/div>\n\t\t\t\t<div class=\"elementor-element elementor-element-aa71a7f elementor-widget elementor-widget-text-editor\" data-id=\"aa71a7f\" data-element_type=\"widget\" data-e-type=\"widget\" data-widget_type=\"text-editor.default\">\n\t\t\t\t<div class=\"elementor-widget-container\">\n\t\t\t\t\t\t\t\t\t<p><span style=\"font-size: 14pt;\">Das Kloster von San Domenico und das MUMAR-Museum. 70 km von der Oase entfernt.<\/span><\/p>\n\t\t\t\t\t\t\t\t<\/div>\n\t\t\t\t<\/div>\n\t\t\t\t<div class=\"elementor-element elementor-element-5da7d7c elementor-widget elementor-widget-text-editor\" data-id=\"5da7d7c\" data-element_type=\"widget\" data-e-type=\"widget\" data-widget_type=\"text-editor.default\">\n\t\t\t\t<div class=\"elementor-widget-container\">\n\t\t\t\t\t\t\t\t\t<p>Es lohnt sich, die Ruinen eines grandiosen Dominikanerklosters zu besichtigen, eines der bedeutendsten des Ordens in Europa, ein au\u00dfergew\u00f6hnliches Zentrum spiritueller und kultureller Vitalit\u00e4t; der Ruhm des Komplexes wird durch die Tatsache bezeugt, dass Kaiser Karl V. hier 1535 auf seiner R\u00fcckkehr von der Tunesienexpedition Halt machte, vier seiner M\u00f6nche wurden P\u00e4pste, Tommaso Campanella lebte hier und noch heute, trotz der Enteignungen der Vergangenheit, beherbergt es eine reiche Bibliothek und ein Museum, das MUMAR. Das Museum entstand aus dem Bed\u00fcrfnis heraus, die gesamte Sammlung der erhaltenen Werke organisch wieder zu vereinen, einschlie\u00dflich des Gem\u00e4ldes des heiligen Dominikus, dem das Kloster gewidmet ist, und einer Reihe sch\u00f6ner Skulpturen aus den Jahren 1600 bis 1700, die einst die Kirche schm\u00fcckten.<\/p>\n\t\t\t\t\t\t\t\t<\/div>\n\t\t\t\t<\/div>\n\t\t\t\t\t<\/div>\n\t\t<\/div>\n\t\t\t\t\t<\/div>\n\t\t<\/section>\n\t\t\t\t<section class=\"elementor-section elementor-top-section elementor-element elementor-element-68553bd elementor-section-boxed elementor-section-height-default elementor-section-height-default\" data-id=\"68553bd\" data-element_type=\"section\" data-e-type=\"section\">\n\t\t\t\t\t\t<div class=\"elementor-container elementor-column-gap-default\">\n\t\t\t\t\t<div class=\"elementor-column elementor-col-100 elementor-top-column elementor-element elementor-element-9fe9c07\" data-id=\"9fe9c07\" data-element_type=\"column\" data-e-type=\"column\">\n\t\t\t<div class=\"elementor-widget-wrap elementor-element-populated\">\n\t\t\t\t\t\t<div class=\"elementor-element elementor-element-bf7c749 elementor-widget elementor-widget-spacer\" data-id=\"bf7c749\" data-element_type=\"widget\" data-e-type=\"widget\" data-widget_type=\"spacer.default\">\n\t\t\t\t<div class=\"elementor-widget-container\">\n\t\t\t\t\t\t\t<div class=\"elementor-spacer\">\n\t\t\t<div class=\"elementor-spacer-inner\"><\/div>\n\t\t<\/div>\n\t\t\t\t\t\t<\/div>\n\t\t\t\t<\/div>\n\t\t\t\t\t<\/div>\n\t\t<\/div>\n\t\t\t\t\t<\/div>\n\t\t<\/section>\n\t\t\t\t<section class=\"elementor-section elementor-top-section elementor-element elementor-element-ebf18db elementor-section-boxed elementor-section-height-default elementor-section-height-default\" data-id=\"ebf18db\" data-element_type=\"section\" data-e-type=\"section\">\n\t\t\t\t\t\t<div class=\"elementor-container elementor-column-gap-default\">\n\t\t\t\t\t<div class=\"elementor-column elementor-col-33 elementor-top-column elementor-element elementor-element-39b917a\" data-id=\"39b917a\" data-element_type=\"column\" data-e-type=\"column\" data-settings=\"{&quot;background_background&quot;:&quot;classic&quot;}\">\n\t\t\t<div class=\"elementor-widget-wrap elementor-element-populated\">\n\t\t\t\t\t\t<div class=\"elementor-element elementor-element-00ded7a elementor-widget elementor-widget-image\" data-id=\"00ded7a\" data-element_type=\"widget\" data-e-type=\"widget\" data-widget_type=\"image.default\">\n\t\t\t\t<div class=\"elementor-widget-container\">\n\t\t\t\t\t\t\t\t\t\t\t\t\t\t\t<img loading=\"lazy\" decoding=\"async\" width=\"900\" height=\"900\" src=\"https:\/\/www.oasidelgovernatore.it\/wp-content\/uploads\/2020\/05\/Arte-Oasi-Boxlocation-900x900-9.jpg\" class=\"attachment-full size-full wp-image-5171\" alt=\"Oasi del Governatore - arte\" srcset=\"https:\/\/www.oasidelgovernatore.it\/wp-content\/uploads\/2020\/05\/Arte-Oasi-Boxlocation-900x900-9.jpg 900w, https:\/\/www.oasidelgovernatore.it\/wp-content\/uploads\/2020\/05\/Arte-Oasi-Boxlocation-900x900-9-300x300.jpg 300w, https:\/\/www.oasidelgovernatore.it\/wp-content\/uploads\/2020\/05\/Arte-Oasi-Boxlocation-900x900-9-150x150.jpg 150w, https:\/\/www.oasidelgovernatore.it\/wp-content\/uploads\/2020\/05\/Arte-Oasi-Boxlocation-900x900-9-768x768.jpg 768w, https:\/\/www.oasidelgovernatore.it\/wp-content\/uploads\/2020\/05\/Arte-Oasi-Boxlocation-900x900-9-100x100.jpg 100w, https:\/\/www.oasidelgovernatore.it\/wp-content\/uploads\/2020\/05\/Arte-Oasi-Boxlocation-900x900-9-80x80.jpg 80w, https:\/\/www.oasidelgovernatore.it\/wp-content\/uploads\/2020\/05\/Arte-Oasi-Boxlocation-900x900-9-394x394.jpg 394w, https:\/\/www.oasidelgovernatore.it\/wp-content\/uploads\/2020\/05\/Arte-Oasi-Boxlocation-900x900-9-303x303.jpg 303w, https:\/\/www.oasidelgovernatore.it\/wp-content\/uploads\/2020\/05\/Arte-Oasi-Boxlocation-900x900-9-605x605.jpg 605w, https:\/\/www.oasidelgovernatore.it\/wp-content\/uploads\/2020\/05\/Arte-Oasi-Boxlocation-900x900-9-700x700.jpg 700w, https:\/\/www.oasidelgovernatore.it\/wp-content\/uploads\/2020\/05\/Arte-Oasi-Boxlocation-900x900-9-600x600.jpg 600w\" sizes=\"(max-width: 900px) 100vw, 900px\" \/>\t\t\t\t\t\t\t\t\t\t\t\t\t\t\t<\/div>\n\t\t\t\t<\/div>\n\t\t\t\t\t<\/div>\n\t\t<\/div>\n\t\t\t\t<div class=\"elementor-column elementor-col-66 elementor-top-column elementor-element elementor-element-74c9189\" data-id=\"74c9189\" data-element_type=\"column\" data-e-type=\"column\" data-settings=\"{&quot;background_background&quot;:&quot;classic&quot;}\">\n\t\t\t<div class=\"elementor-widget-wrap elementor-element-populated\">\n\t\t\t\t\t\t<div class=\"elementor-element elementor-element-78e6b28 elementor-widget elementor-widget-heading\" data-id=\"78e6b28\" data-element_type=\"widget\" data-e-type=\"widget\" data-widget_type=\"heading.default\">\n\t\t\t\t<div class=\"elementor-widget-container\">\n\t\t\t\t\t<h4 class=\"elementor-heading-title elementor-size-default\">PUNTA STILO (Arch\u00e4ologische St\u00e4tte von Kaulonia)<\/h4>\t\t\t\t<\/div>\n\t\t\t\t<\/div>\n\t\t\t\t<div class=\"elementor-element elementor-element-ff13f57 elementor-widget elementor-widget-text-editor\" data-id=\"ff13f57\" data-element_type=\"widget\" data-e-type=\"widget\" data-widget_type=\"text-editor.default\">\n\t\t\t\t<div class=\"elementor-widget-container\">\n\t\t\t\t\t\t\t\t\t<p><span style=\"font-size: 18.6667px;\">Bei 42 km von der Oase<\/span><\/p>\n\t\t\t\t\t\t\t\t<\/div>\n\t\t\t\t<\/div>\n\t\t\t\t<div class=\"elementor-element elementor-element-43008d8 elementor-widget elementor-widget-text-editor\" data-id=\"43008d8\" data-element_type=\"widget\" data-e-type=\"widget\" data-widget_type=\"text-editor.default\">\n\t\t\t\t<div class=\"elementor-widget-container\">\n\t\t\t\t\t\t\t\t\t<p>Es war Paolo Orsi, der den Ort im neunzehnten Jahrhundert mit Kaulonia identifizierte. Noch heute sind Ausgrabungskampagnen im Gange, die eine Entwicklung der Stadt unterhalb des heutigen Meeresspiegels aufgezeigt haben. Kaulonia war von 2 bis 5 Meter hohen Mauern umgeben, die durch die Anwesenheit von 12 Wehrt\u00fcrmen verst\u00e4rkt wurden. Nichts bleibt, abgesehen von den Fundamenten der Geb\u00e4ude, da die Materialien wurden von den Byzantinern um den IX-X sec.nella Bau der katholischen von Stilo wiederverwendet. Eine arch\u00e4ologische St\u00e4tte von herausragender Sch\u00f6nheit, Kaulonia \u00fcberblickt die s\u00fcdliche ionische K\u00fcste in der N\u00e4he von Monasterace. 42 km von der Oase entfernt.<\/p>\n\t\t\t\t\t\t\t\t<\/div>\n\t\t\t\t<\/div>\n\t\t\t\t<div class=\"elementor-element elementor-element-65d54db elementor-widget elementor-widget-toggle\" data-id=\"65d54db\" data-element_type=\"widget\" data-e-type=\"widget\" data-widget_type=\"toggle.default\">\n\t\t\t\t<div class=\"elementor-widget-container\">\n\t\t\t\t\t\t\t<div class=\"elementor-toggle\">\n\t\t\t\t\t\t\t<div class=\"elementor-toggle-item\">\n\t\t\t\t\t<div id=\"elementor-tab-title-1061\" class=\"elementor-tab-title\" data-tab=\"1\" role=\"button\" aria-controls=\"elementor-tab-content-1061\" aria-expanded=\"false\">\n\t\t\t\t\t\t\t\t\t\t\t\t<span class=\"elementor-toggle-icon elementor-toggle-icon-left\" aria-hidden=\"true\">\n\t\t\t\t\t\t\t\t\t\t\t\t\t\t\t<span class=\"elementor-toggle-icon-closed\"><svg class=\"e-font-icon-svg e-fas-caret-right\" viewBox=\"0 0 192 512\" xmlns=\"http:\/\/www.w3.org\/2000\/svg\"><path d=\"M0 384.662V127.338c0-17.818 21.543-26.741 34.142-14.142l128.662 128.662c7.81 7.81 7.81 20.474 0 28.284L34.142 398.804C21.543 411.404 0 402.48 0 384.662z\"><\/path><\/svg><\/span>\n\t\t\t\t\t\t\t\t<span class=\"elementor-toggle-icon-opened\"><svg class=\"elementor-toggle-icon-opened e-font-icon-svg e-fas-caret-up\" viewBox=\"0 0 320 512\" xmlns=\"http:\/\/www.w3.org\/2000\/svg\"><path d=\"M288.662 352H31.338c-17.818 0-26.741-21.543-14.142-34.142l128.662-128.662c7.81-7.81 20.474-7.81 28.284 0l128.662 128.662c12.6 12.599 3.676 34.142-14.142 34.142z\"><\/path><\/svg><\/span>\n\t\t\t\t\t\t\t\t\t\t\t\t\t<\/span>\n\t\t\t\t\t\t\t\t\t\t\t\t<a class=\"elementor-toggle-title\" tabindex=\"0\">STYLO UND KATHOLISCH<\/a>\n\t\t\t\t\t<\/div>\n\n\t\t\t\t\t<div id=\"elementor-tab-content-1061\" class=\"elementor-tab-content elementor-clearfix\" data-tab=\"1\" role=\"region\" aria-labelledby=\"elementor-tab-title-1061\"><p><strong>56 km von der Oase<\/strong><\/p>\n<p>Es ist ein spektakul\u00e4res Dorf, das am Fu\u00dfe des Monte Consolino liegt und von den Ruinen einer einst gro\u00dfen und m\u00e4chtigen normannischen Burg dominiert wird. Die eigentliche Gr\u00fcndung von Stilo wird auf die Zeit der Urbanisierung auf den Reliefs gelegt, die durch den Beginn der Sarazeneneinf\u00e4lle an den K\u00fcsten verursacht wurden (IX. Jh.), seine Gr\u00f6\u00dfe ist vor allem auf die Rolle zur\u00fcckzuf\u00fchren, die dieses Zentrum in der byzantinischen Zeit hatte. Im historischen Zentrum k\u00f6nnen Sie besuchen: die Kathedrale des dreizehnten Jahrhunderts. mit einem sch\u00f6nen gotischen Portal mit kleinen glatten S\u00e4ulen und verdreht und elegante Flachreliefs im romanischen Stil, der Brunnen der Delphine von klaren orientalischen Matrix, die majest\u00e4tische Kloster von San Domenico, die mittelalterliche Stefanina T\u00fcr, die Kirche von San Francesco eine der sch\u00f6nsten Kirchen von \u201a700 Kalabrien, die H\u00f6hlen der basilianischen M\u00f6nche und viele sch\u00f6ne Aussicht. Stilo ist nicht nur als Geburtsort des Philosophen Tommaso Campanella bekannt, sondern vor allem f\u00fcr die ber\u00fchmte \u201eCattolica\u201c, ein wahres Juwel der byzantinischen Kunst und Architektur. In den Felsen lebend in einem der sch\u00f6nsten und panoramischen Punkte des Landes gesetzt, von dem Sie das Tal von Stilaro und das sonnige Dorf von den D\u00e4chern bewundern k\u00f6nnen, die durch \u201eceramides\u201c bedeckt werden, das die Fliesen ist, ist das katholische ein gro\u00dfes Beispiel der Architektur jener Periode (XXI sec.). Das Geb\u00e4ude, das von f\u00fcnf kleinen Kuppeln auf einer hohen zylindrischen Trommel gekr\u00f6nt wird, zeugt von orientalischen Einfl\u00fcssen, insbesondere von den \u00c4hnlichkeiten mit der Architektur Georgiens und Armeniens. Der Innenraum ist gut erhalten und es sind viele originale Fresken mit sch\u00f6nen Darstellungen aus dem Leben der Heiligen zu sehen. Wenn Sie durstig sind, finden Sie auf dem Platz vor der Kirche einen Stand, der k\u00f6stliche Mandelmilch, Bergamotteeis und typische Produkte von ausgezeichneter Qualit\u00e4t verkauft.<\/p>\n<\/div>\n\t\t\t\t<\/div>\n\t\t\t\t\t\t\t\t<\/div>\n\t\t\t\t\t\t<\/div>\n\t\t\t\t<\/div>\n\t\t\t\t\t<\/div>\n\t\t<\/div>\n\t\t\t\t\t<\/div>\n\t\t<\/section>\n\t\t\t\t<section class=\"elementor-section elementor-top-section elementor-element elementor-element-e9aa048 elementor-section-boxed elementor-section-height-default elementor-section-height-default\" data-id=\"e9aa048\" data-element_type=\"section\" data-e-type=\"section\">\n\t\t\t\t\t\t<div class=\"elementor-container elementor-column-gap-default\">\n\t\t\t\t\t<div class=\"elementor-column elementor-col-100 elementor-top-column elementor-element elementor-element-ccc6149\" data-id=\"ccc6149\" data-element_type=\"column\" data-e-type=\"column\">\n\t\t\t<div class=\"elementor-widget-wrap elementor-element-populated\">\n\t\t\t\t\t\t<div class=\"elementor-element elementor-element-339c702 elementor-widget elementor-widget-spacer\" data-id=\"339c702\" data-element_type=\"widget\" data-e-type=\"widget\" data-widget_type=\"spacer.default\">\n\t\t\t\t<div class=\"elementor-widget-container\">\n\t\t\t\t\t\t\t<div class=\"elementor-spacer\">\n\t\t\t<div class=\"elementor-spacer-inner\"><\/div>\n\t\t<\/div>\n\t\t\t\t\t\t<\/div>\n\t\t\t\t<\/div>\n\t\t\t\t\t<\/div>\n\t\t<\/div>\n\t\t\t\t\t<\/div>\n\t\t<\/section>\n\t\t\t\t<section class=\"elementor-section elementor-top-section elementor-element elementor-element-9152a36 elementor-section-boxed elementor-section-height-default elementor-section-height-default\" data-id=\"9152a36\" data-element_type=\"section\" data-e-type=\"section\">\n\t\t\t\t\t\t<div class=\"elementor-container elementor-column-gap-default\">\n\t\t\t\t\t<div class=\"elementor-column elementor-col-33 elementor-top-column elementor-element elementor-element-02220f0\" data-id=\"02220f0\" data-element_type=\"column\" data-e-type=\"column\" data-settings=\"{&quot;background_background&quot;:&quot;classic&quot;}\">\n\t\t\t<div class=\"elementor-widget-wrap elementor-element-populated\">\n\t\t\t\t\t\t<div class=\"elementor-element elementor-element-25fdd67 elementor-widget elementor-widget-image\" data-id=\"25fdd67\" data-element_type=\"widget\" data-e-type=\"widget\" data-widget_type=\"image.default\">\n\t\t\t\t<div class=\"elementor-widget-container\">\n\t\t\t\t\t\t\t\t\t\t\t\t\t\t\t<img loading=\"lazy\" decoding=\"async\" width=\"900\" height=\"900\" src=\"https:\/\/www.oasidelgovernatore.it\/wp-content\/uploads\/2020\/05\/Arte-Oasi-Boxlocation-900x900-10.jpg\" class=\"attachment-full size-full wp-image-5173\" alt=\"Oasi del Governatore - arte\" srcset=\"https:\/\/www.oasidelgovernatore.it\/wp-content\/uploads\/2020\/05\/Arte-Oasi-Boxlocation-900x900-10.jpg 900w, https:\/\/www.oasidelgovernatore.it\/wp-content\/uploads\/2020\/05\/Arte-Oasi-Boxlocation-900x900-10-300x300.jpg 300w, https:\/\/www.oasidelgovernatore.it\/wp-content\/uploads\/2020\/05\/Arte-Oasi-Boxlocation-900x900-10-150x150.jpg 150w, https:\/\/www.oasidelgovernatore.it\/wp-content\/uploads\/2020\/05\/Arte-Oasi-Boxlocation-900x900-10-768x768.jpg 768w, https:\/\/www.oasidelgovernatore.it\/wp-content\/uploads\/2020\/05\/Arte-Oasi-Boxlocation-900x900-10-100x100.jpg 100w, https:\/\/www.oasidelgovernatore.it\/wp-content\/uploads\/2020\/05\/Arte-Oasi-Boxlocation-900x900-10-80x80.jpg 80w, https:\/\/www.oasidelgovernatore.it\/wp-content\/uploads\/2020\/05\/Arte-Oasi-Boxlocation-900x900-10-394x394.jpg 394w, https:\/\/www.oasidelgovernatore.it\/wp-content\/uploads\/2020\/05\/Arte-Oasi-Boxlocation-900x900-10-303x303.jpg 303w, https:\/\/www.oasidelgovernatore.it\/wp-content\/uploads\/2020\/05\/Arte-Oasi-Boxlocation-900x900-10-605x605.jpg 605w, https:\/\/www.oasidelgovernatore.it\/wp-content\/uploads\/2020\/05\/Arte-Oasi-Boxlocation-900x900-10-700x700.jpg 700w, https:\/\/www.oasidelgovernatore.it\/wp-content\/uploads\/2020\/05\/Arte-Oasi-Boxlocation-900x900-10-600x600.jpg 600w\" sizes=\"(max-width: 900px) 100vw, 900px\" \/>\t\t\t\t\t\t\t\t\t\t\t\t\t\t\t<\/div>\n\t\t\t\t<\/div>\n\t\t\t\t\t<\/div>\n\t\t<\/div>\n\t\t\t\t<div class=\"elementor-column elementor-col-66 elementor-top-column elementor-element elementor-element-c3cb3fc\" data-id=\"c3cb3fc\" data-element_type=\"column\" data-e-type=\"column\" data-settings=\"{&quot;background_background&quot;:&quot;classic&quot;}\">\n\t\t\t<div class=\"elementor-widget-wrap elementor-element-populated\">\n\t\t\t\t\t\t<div class=\"elementor-element elementor-element-fd22ea3 elementor-widget elementor-widget-heading\" data-id=\"fd22ea3\" data-element_type=\"widget\" data-e-type=\"widget\" data-widget_type=\"heading.default\">\n\t\t\t\t<div class=\"elementor-widget-container\">\n\t\t\t\t\t<h4 class=\"elementor-heading-title elementor-size-default\">Bivongi, Kloster von S.Giovanni Theresti.<\/h4>\t\t\t\t<\/div>\n\t\t\t\t<\/div>\n\t\t\t\t<div class=\"elementor-element elementor-element-76f2a48 elementor-widget elementor-widget-text-editor\" data-id=\"76f2a48\" data-element_type=\"widget\" data-e-type=\"widget\" data-widget_type=\"text-editor.default\">\n\t\t\t\t<div class=\"elementor-widget-container\">\n\t\t\t\t\t\t\t\t\t<p><span style=\"font-size: 18.6667px;\">Bei 50 km von der Oase<\/span><\/p>\n\t\t\t\t\t\t\t\t<\/div>\n\t\t\t\t<\/div>\n\t\t\t\t<div class=\"elementor-element elementor-element-c650d76 elementor-widget elementor-widget-text-editor\" data-id=\"c650d76\" data-element_type=\"widget\" data-e-type=\"widget\" data-widget_type=\"text-editor.default\">\n\t\t\t\t<div class=\"elementor-widget-container\">\n\t\t\t\t\t\t\t\t\t<p>Um das neunte Jahrhundert gegr\u00fcndet und in der zweiten H\u00e4lfte des zw\u00f6lften Jahrhunderts erweitert, wurde sie im siebzehnten Jahrhundert aufgegeben, weil sie unsicher und eine Beute von Pl\u00fcnderungen war. Heute ist die restaurierte Basilika wieder f\u00fcr griechisch-orthodoxe Gottesdienste ge\u00f6ffnet und wird von einer Gemeinschaft rum\u00e4nischer M\u00f6nche bewohnt, die auch einen kleinen Laden er\u00f6ffnet haben, in dem man CDs mit liturgischen Ges\u00e4ngen kaufen kann, die w\u00e4hrend der Passionswoche aufgef\u00fchrt werden.<\/p>\n\t\t\t\t\t\t\t\t<\/div>\n\t\t\t\t<\/div>\n\t\t\t\t\t<\/div>\n\t\t<\/div>\n\t\t\t\t\t<\/div>\n\t\t<\/section>\n\t\t\t\t<section class=\"elementor-section elementor-top-section elementor-element elementor-element-c5345a9 elementor-section-boxed elementor-section-height-default elementor-section-height-default\" data-id=\"c5345a9\" data-element_type=\"section\" data-e-type=\"section\">\n\t\t\t\t\t\t<div class=\"elementor-container elementor-column-gap-default\">\n\t\t\t\t\t<div class=\"elementor-column elementor-col-100 elementor-top-column elementor-element elementor-element-b130555\" data-id=\"b130555\" data-element_type=\"column\" data-e-type=\"column\">\n\t\t\t<div class=\"elementor-widget-wrap elementor-element-populated\">\n\t\t\t\t\t\t<div class=\"elementor-element elementor-element-9a61c1d elementor-widget elementor-widget-spacer\" data-id=\"9a61c1d\" data-element_type=\"widget\" data-e-type=\"widget\" data-widget_type=\"spacer.default\">\n\t\t\t\t<div class=\"elementor-widget-container\">\n\t\t\t\t\t\t\t<div class=\"elementor-spacer\">\n\t\t\t<div class=\"elementor-spacer-inner\"><\/div>\n\t\t<\/div>\n\t\t\t\t\t\t<\/div>\n\t\t\t\t<\/div>\n\t\t\t\t\t<\/div>\n\t\t<\/div>\n\t\t\t\t\t<\/div>\n\t\t<\/section>\n\t\t\t\t<section class=\"elementor-section elementor-top-section elementor-element elementor-element-692926b elementor-section-boxed elementor-section-height-default elementor-section-height-default\" data-id=\"692926b\" data-element_type=\"section\" data-e-type=\"section\">\n\t\t\t\t\t\t<div class=\"elementor-container elementor-column-gap-default\">\n\t\t\t\t\t<div class=\"elementor-column elementor-col-33 elementor-top-column elementor-element elementor-element-97a982c\" data-id=\"97a982c\" data-element_type=\"column\" data-e-type=\"column\" data-settings=\"{&quot;background_background&quot;:&quot;classic&quot;}\">\n\t\t\t<div class=\"elementor-widget-wrap elementor-element-populated\">\n\t\t\t\t\t\t<div class=\"elementor-element elementor-element-b753369 elementor-widget elementor-widget-image\" data-id=\"b753369\" data-element_type=\"widget\" data-e-type=\"widget\" data-widget_type=\"image.default\">\n\t\t\t\t<div class=\"elementor-widget-container\">\n\t\t\t\t\t\t\t\t\t\t\t\t\t\t\t<img loading=\"lazy\" decoding=\"async\" width=\"900\" height=\"900\" src=\"https:\/\/www.oasidelgovernatore.it\/wp-content\/uploads\/2020\/05\/Arte-Oasi-Boxlocation-900x900-11.jpg\" class=\"attachment-full size-full wp-image-5175\" alt=\"Oasi del Governatore - arte\" srcset=\"https:\/\/www.oasidelgovernatore.it\/wp-content\/uploads\/2020\/05\/Arte-Oasi-Boxlocation-900x900-11.jpg 900w, https:\/\/www.oasidelgovernatore.it\/wp-content\/uploads\/2020\/05\/Arte-Oasi-Boxlocation-900x900-11-300x300.jpg 300w, https:\/\/www.oasidelgovernatore.it\/wp-content\/uploads\/2020\/05\/Arte-Oasi-Boxlocation-900x900-11-150x150.jpg 150w, https:\/\/www.oasidelgovernatore.it\/wp-content\/uploads\/2020\/05\/Arte-Oasi-Boxlocation-900x900-11-768x768.jpg 768w, https:\/\/www.oasidelgovernatore.it\/wp-content\/uploads\/2020\/05\/Arte-Oasi-Boxlocation-900x900-11-100x100.jpg 100w, https:\/\/www.oasidelgovernatore.it\/wp-content\/uploads\/2020\/05\/Arte-Oasi-Boxlocation-900x900-11-80x80.jpg 80w, https:\/\/www.oasidelgovernatore.it\/wp-content\/uploads\/2020\/05\/Arte-Oasi-Boxlocation-900x900-11-394x394.jpg 394w, https:\/\/www.oasidelgovernatore.it\/wp-content\/uploads\/2020\/05\/Arte-Oasi-Boxlocation-900x900-11-303x303.jpg 303w, https:\/\/www.oasidelgovernatore.it\/wp-content\/uploads\/2020\/05\/Arte-Oasi-Boxlocation-900x900-11-605x605.jpg 605w, https:\/\/www.oasidelgovernatore.it\/wp-content\/uploads\/2020\/05\/Arte-Oasi-Boxlocation-900x900-11-700x700.jpg 700w, https:\/\/www.oasidelgovernatore.it\/wp-content\/uploads\/2020\/05\/Arte-Oasi-Boxlocation-900x900-11-600x600.jpg 600w\" sizes=\"(max-width: 900px) 100vw, 900px\" \/>\t\t\t\t\t\t\t\t\t\t\t\t\t\t\t<\/div>\n\t\t\t\t<\/div>\n\t\t\t\t\t<\/div>\n\t\t<\/div>\n\t\t\t\t<div class=\"elementor-column elementor-col-66 elementor-top-column elementor-element elementor-element-9839dd7\" data-id=\"9839dd7\" data-element_type=\"column\" data-e-type=\"column\" data-settings=\"{&quot;background_background&quot;:&quot;classic&quot;}\">\n\t\t\t<div class=\"elementor-widget-wrap elementor-element-populated\">\n\t\t\t\t\t\t<div class=\"elementor-element elementor-element-962acf7 elementor-widget elementor-widget-heading\" data-id=\"962acf7\" data-element_type=\"widget\" data-e-type=\"widget\" data-widget_type=\"heading.default\">\n\t\t\t\t<div class=\"elementor-widget-container\">\n\t\t\t\t\t<h4 class=\"elementor-heading-title elementor-size-default\">Locri Epizephyrii, arch\u00e4ologische St\u00e4tte und Museum<\/h4>\t\t\t\t<\/div>\n\t\t\t\t<\/div>\n\t\t\t\t<div class=\"elementor-element elementor-element-b31c4d7 elementor-widget elementor-widget-text-editor\" data-id=\"b31c4d7\" data-element_type=\"widget\" data-e-type=\"widget\" data-widget_type=\"text-editor.default\">\n\t\t\t\t<div class=\"elementor-widget-container\">\n\t\t\t\t\t\t\t\t\t<p>Es gibt die \u00dcberreste der antiken Stadt um das achte Jahrhundert gegr\u00fcndet. BC. von griechischen Siedlern, die aus Locris kam, erreichte seinen H\u00f6hepunkt um das sechste Jahrhundert. BC mit der Gr\u00fcndung von zwei Sub-Kolonien auf dem Tyrrhenischen Meer, Medma (Rosarno) und Hipponion (Vibo Valentia) wurde um das zehnte Jahrhundert aufgegeben. wegen der arabischen \u00dcberf\u00e4lle auf die K\u00fcste, nahmen die Bewohner Zuflucht in das Innere, Gerace, dazu bestimmt, das wichtigste Zentrum der Region bis zum letzten Jahrhundert zu werden.<\/p>\n\t\t\t\t\t\t\t\t<\/div>\n\t\t\t\t<\/div>\n\t\t\t\t\t<\/div>\n\t\t<\/div>\n\t\t\t\t\t<\/div>\n\t\t<\/section>\n\t\t\t\t<section class=\"elementor-section elementor-top-section elementor-element elementor-element-67c1d3c elementor-section-boxed elementor-section-height-default elementor-section-height-default\" data-id=\"67c1d3c\" data-element_type=\"section\" data-e-type=\"section\">\n\t\t\t\t\t\t<div class=\"elementor-container elementor-column-gap-default\">\n\t\t\t\t\t<div class=\"elementor-column elementor-col-100 elementor-top-column elementor-element elementor-element-174c316\" data-id=\"174c316\" data-element_type=\"column\" data-e-type=\"column\">\n\t\t\t<div class=\"elementor-widget-wrap elementor-element-populated\">\n\t\t\t\t\t\t<div class=\"elementor-element elementor-element-550e344 elementor-widget elementor-widget-spacer\" data-id=\"550e344\" data-element_type=\"widget\" data-e-type=\"widget\" data-widget_type=\"spacer.default\">\n\t\t\t\t<div class=\"elementor-widget-container\">\n\t\t\t\t\t\t\t<div class=\"elementor-spacer\">\n\t\t\t<div class=\"elementor-spacer-inner\"><\/div>\n\t\t<\/div>\n\t\t\t\t\t\t<\/div>\n\t\t\t\t<\/div>\n\t\t\t\t\t<\/div>\n\t\t<\/div>\n\t\t\t\t\t<\/div>\n\t\t<\/section>\n\t\t\t\t<section class=\"elementor-section elementor-top-section elementor-element elementor-element-6a65664 elementor-section-boxed elementor-section-height-default elementor-section-height-default\" data-id=\"6a65664\" data-element_type=\"section\" data-e-type=\"section\" data-settings=\"{&quot;background_background&quot;:&quot;classic&quot;}\">\n\t\t\t\t\t\t\t<div class=\"elementor-background-overlay\"><\/div>\n\t\t\t\t\t\t\t<div class=\"elementor-container elementor-column-gap-default\">\n\t\t\t\t\t<div class=\"elementor-column elementor-col-66 elementor-top-column elementor-element elementor-element-bc67d18\" data-id=\"bc67d18\" data-element_type=\"column\" data-e-type=\"column\">\n\t\t\t<div class=\"elementor-widget-wrap elementor-element-populated\">\n\t\t\t\t\t\t<div class=\"elementor-element elementor-element-fd2796f elementor-widget elementor-widget-heading\" data-id=\"fd2796f\" data-element_type=\"widget\" data-e-type=\"widget\" data-widget_type=\"heading.default\">\n\t\t\t\t<div class=\"elementor-widget-container\">\n\t\t\t\t\t<h2 class=\"elementor-heading-title elementor-size-default\">VERPASSEN SIE DIESE GELEGENHEIT NICHT<\/h2>\t\t\t\t<\/div>\n\t\t\t\t<\/div>\n\t\t\t\t\t<\/div>\n\t\t<\/div>\n\t\t\t\t<div class=\"elementor-column elementor-col-33 elementor-top-column elementor-element elementor-element-9a6bca9\" data-id=\"9a6bca9\" data-element_type=\"column\" data-e-type=\"column\">\n\t\t\t<div class=\"elementor-widget-wrap elementor-element-populated\">\n\t\t\t\t\t\t<div class=\"elementor-element elementor-element-c6c1bbc elementor-align-center elementor-widget elementor-widget-button\" data-id=\"c6c1bbc\" data-element_type=\"widget\" data-e-type=\"widget\" data-widget_type=\"button.default\">\n\t\t\t\t<div class=\"elementor-widget-container\">\n\t\t\t\t\t\t\t\t\t<div class=\"elementor-button-wrapper\">\n\t\t\t\t\t<a class=\"elementor-button elementor-button-link elementor-size-md\" href=\"https:\/\/www.oasidelgovernatore.it\/de\/unterkunfte\/\">\n\t\t\t\t\t\t<span class=\"elementor-button-content-wrapper\">\n\t\t\t\t\t\t<span class=\"elementor-button-icon\">\n\t\t\t\t<svg aria-hidden=\"true\" class=\"e-font-icon-svg e-fas-angle-double-right\" viewBox=\"0 0 448 512\" xmlns=\"http:\/\/www.w3.org\/2000\/svg\"><path d=\"M224.3 273l-136 136c-9.4 9.4-24.6 9.4-33.9 0l-22.6-22.6c-9.4-9.4-9.4-24.6 0-33.9l96.4-96.4-96.4-96.4c-9.4-9.4-9.4-24.6 0-33.9L54.3 103c9.4-9.4 24.6-9.4 33.9 0l136 136c9.5 9.4 9.5 24.6.1 34zm192-34l-136-136c-9.4-9.4-24.6-9.4-33.9 0l-22.6 22.6c-9.4 9.4-9.4 24.6 0 33.9l96.4 96.4-96.4 96.4c-9.4 9.4-9.4 24.6 0 33.9l22.6 22.6c9.4 9.4 24.6 9.4 33.9 0l136-136c9.4-9.2 9.4-24.4 0-33.8z\"><\/path><\/svg>\t\t\t<\/span>\n\t\t\t\t\t\t\t\t\t<span class=\"elementor-button-text\">W\u00c4HLEN SIE EINE UNSERER UNTERK\u00dcNFTE<\/span>\n\t\t\t\t\t<\/span>\n\t\t\t\t\t<\/a>\n\t\t\t\t<\/div>\n\t\t\t\t\t\t\t\t<\/div>\n\t\t\t\t<\/div>\n\t\t\t\t\t<\/div>\n\t\t<\/div>\n\t\t\t\t\t<\/div>\n\t\t<\/section>\n\t\t\t\t<\/div>\n\t\t","protected":false},"excerpt":{"rendered":"<p>KULTURGESCHICHTETRADITION GESCHICHTE UND KUNST IN KALABRIEN Die Spuren der historischen und kulturellen Schichtungen dieses Landes, das seit der Jungsteinzeit bewohnt ist, tauchen in verschiedenen Formen und Weisen und an verschiedenen Orten auf, um zu bezeugen, wie gro\u00dfz\u00fcgig es gewesen ist; &hellip; <a href=\"https:\/\/www.oasidelgovernatore.it\/de\/kunst\/\">Read More<\/a><\/p>\n","protected":false},"author":2,"featured_media":0,"parent":0,"menu_order":8,"comment_status":"closed","ping_status":"open","template":"","meta":{"footnotes":""},"class_list":["post-6001","page","type-page","status-publish","hentry"],"_links":{"self":[{"href":"https:\/\/www.oasidelgovernatore.it\/de\/wp-json\/wp\/v2\/pages\/6001","targetHints":{"allow":["GET"]}}],"collection":[{"href":"https:\/\/www.oasidelgovernatore.it\/de\/wp-json\/wp\/v2\/pages"}],"about":[{"href":"https:\/\/www.oasidelgovernatore.it\/de\/wp-json\/wp\/v2\/types\/page"}],"author":[{"embeddable":true,"href":"https:\/\/www.oasidelgovernatore.it\/de\/wp-json\/wp\/v2\/users\/2"}],"replies":[{"embeddable":true,"href":"https:\/\/www.oasidelgovernatore.it\/de\/wp-json\/wp\/v2\/comments?post=6001"}],"version-history":[{"count":0,"href":"https:\/\/www.oasidelgovernatore.it\/de\/wp-json\/wp\/v2\/pages\/6001\/revisions"}],"wp:attachment":[{"href":"https:\/\/www.oasidelgovernatore.it\/de\/wp-json\/wp\/v2\/media?parent=6001"}],"curies":[{"name":"wp","href":"https:\/\/api.w.org\/{rel}","templated":true}]}}